{"id":553,"date":"2014-02-20T21:54:01","date_gmt":"2014-02-20T20:54:01","guid":{"rendered":"http:\/\/www.valpolicella2000.it\/a\/?page_id=553"},"modified":"2026-01-16T17:37:12","modified_gmt":"2026-01-16T16:37:12","slug":"dossier-marezzane","status":"publish","type":"page","link":"https:\/\/www.maranovalpolicella.it\/valpolicella2000\/?page_id=553","title":{"rendered":"Dossier Marezzane"},"content":{"rendered":"\n<p class=\"has-text-align-center\"><b>DOSSIER MAREZZANE<\/b><\/p>\n\n\n<div class=\"wp-block-image\">\n<figure class=\"aligncenter size-full is-resized\"><img loading=\"lazy\" decoding=\"async\" width=\"520\" height=\"808\" src=\"https:\/\/www.maranovalpolicella.it\/valpolicella2000\/immagini\/2026\/01\/Marezzane.png\" alt=\"\" class=\"wp-image-982\" style=\"aspect-ratio:0.6435902763349263;width:287px;height:auto\" srcset=\"https:\/\/www.maranovalpolicella.it\/valpolicella2000\/immagini\/2026\/01\/Marezzane.png 520w, https:\/\/www.maranovalpolicella.it\/valpolicella2000\/immagini\/2026\/01\/Marezzane-193x300.png 193w\" sizes=\"auto, (max-width: 520px) 100vw, 520px\" \/><\/figure>\n<\/div>\n\n\n<p class=\"has-text-align-center\"><b><br> <\/b><b style=\"line-height: 1.4em;\"><i>Marezzane in una mappa acquerellata &nbsp;di Ludovico Perini del 1729<\/i><\/b><\/p>\n\n\n\n<h2 class=\"wp-block-heading\">Febbraio 2014<b> <\/b><\/h2>\n\n\n\n<h3 class=\"wp-block-heading\"><span style=\"color: #993300;\"><strong>Marezzane<\/strong><\/span><\/h3>\n\n\n\n<p><b>Una collina &#8211; &nbsp;un promontorio posto a circa 600 metri sul fianco sinistro della Valle dei Progni nel Comune di Marano di Valpolicella (VR).<\/b><\/p>\n\n\n\n<p>&nbsp;<b><span style=\"text-decoration: underline;\">Sull\u2019intera collina incombe tuttora una minacciata: essere cancellata&nbsp;<\/span><\/b><b><span style=\"text-decoration: underline;\">dagli scavi della Industria Cementi Giovanni Rossi di Fumane<\/span><\/b><span style=\"text-decoration: underline;\">.<\/span><\/p>\n\n\n\n<ul class=\"wp-block-list\">\n<li>Parte della collina \u00e8 all\u2019interno del <b>Parco Regionale Naturale della Lessinia<\/b>; \u00e8 a ridosso della zona SIC (Sito di Interesse comunitario) di <b>Molina<\/b> di cui forma un tutt\u2019uno ambientale e paesaggistico.<\/li>\n\n\n\n<li>&nbsp;<b>Punto di congiunzione tra due macro habitat la Lessinia e la Valpolic<\/b><b>ella<\/b> domina l\u2019intera Valle dei Progni ed \u00e8 posta&nbsp; a fronte del monte Pastello (altra area SIC).<\/li>\n\n\n\n<li>&nbsp;E\u2019 uno straordinario punto panoramico. E\u2019 possibile vedere l\u2019importante sito archeologico della <b>Grotta di Fumane<\/b>. Tutta l\u2019area della Valle dei Progni \u00e8 di grande <b>interesse archeologico<\/b><\/li>\n\n\n\n<li>&nbsp;Sulla collina sorgono tre fabbricati, realizzati interamente con la&nbsp; pietra lastrolare cavata in loco. Tutti&nbsp; di grande interesse architettonico ora, a causa dell\u2019ipoteca creata da possibili scavi, versano in stato di abbandono: <b>la corte di Marezzane<\/b> (mappata fin dal \u2018700) posta sulla parte sommitale, <b>Mazzarino di Sopra<\/b> (di stupenda fattezza a dominare la Valle dei Progni) e <b>Mazzarino di Sotto<\/b> a delimitare l\u2019area a sud. Sono numerose le testimonianze di una antropizzazione rispettosa dell\u2019ambiente come le numerose <b>marogne<\/b>.<\/li>\n\n\n\n<li>&nbsp;E\u2019 un luogo, grazie alla particolare disposizione ed esposizione presenta <b>numerosi e sorprendenti micro-h<\/b><b>abitat,<\/b> presenti in un\u2019area relativamente ristretta come le <b>zone umide delle sorgenti di rio Baiaghe a Nord, il rio Baiaghe<\/b> (con ben 21 \u201csalti\u201d (cascate) di cui 4 superiori ai 20 metri); il bosco ad alto fusto, aree prative, zone coltivare a ciliegeto e vigneto oltre alle \u201csengie\u201d che precipitano nella Valle dei Progni. Sul versante a nord \u00e8 possibile rinvenire anche una \u201c<b>giasara<\/b>\u201d con la relativa sorgente.<\/li>\n\n\n\n<li>&nbsp;Rappresenta&nbsp; l\u2019area con il pi\u00f9 alto numero di <b>orchidee spontanee<\/b> di tutta la provincia di Verona (oltre 30 specie rilevate dal GIROS \u2013 Gruppo Italiano Ricerca Orchidee Spontanee).<\/li>\n\n\n\n<li>&nbsp;A testimoniare la particolarit\u00e0 e variet\u00e0 del luogo \u00e8 la compresenza di alcune specie di uccelli che normalmente vivono in habitat diversi: tra tutte <b>3 specie di picchi<\/b> (verde, rosso maggiore e nero) e quello del \u201crampichino\u201d e del \u201crampichino alpestre\u201d (rilevamento LIPU \u2013 Lega Italiana Protezione Uccelli).<\/li>\n<\/ul>\n\n\n\n<p><span style=\"line-height: 1.4em;\">Dal 1998 Marezzane \u00e8 inserita quale luogo del cuore del Fondo Ambiente Italiano.<\/span><\/p>\n\n\n\n<p><strong><span style=\"color: #993300;\">SINTESI STORICA&nbsp;1962- 1997<\/span><\/strong><\/p>\n\n\n\n<figure class=\"wp-block-gallery alignleft has-nested-images columns-default is-cropped wp-block-gallery-1 is-layout-flex wp-block-gallery-is-layout-flex\">\n<figure class=\"wp-block-image size-large\"><a href=\"http:\/\/www.maranovalpolicella.it\/valpolicella2000\/immagini\/2014\/02\/agosto0006.jpg\" data-lbwps-width=\"800\" data-lbwps-height=\"600\" data-lbwps-srcsmall=\"https:\/\/www.maranovalpolicella.it\/valpolicella2000\/immagini\/2014\/02\/agosto0006.jpg\"><img loading=\"lazy\" decoding=\"async\" width=\"800\" height=\"600\" data-id=\"404\" src=\"https:\/\/www.maranovalpolicella.it\/valpolicella2000\/immagini\/2014\/02\/agosto0006.jpg\" alt=\"agosto0006\" class=\"wp-image-404\" srcset=\"https:\/\/www.maranovalpolicella.it\/valpolicella2000\/immagini\/2014\/02\/agosto0006.jpg 800w, https:\/\/www.maranovalpolicella.it\/valpolicella2000\/immagini\/2014\/02\/agosto0006-300x225.jpg 300w, https:\/\/www.maranovalpolicella.it\/valpolicella2000\/immagini\/2014\/02\/agosto0006-400x300.jpg 400w\" sizes=\"auto, (max-width: 800px) 100vw, 800px\" \/><\/a><\/figure>\n<\/figure>\n\n\n\n<p>Nel <b>1962<\/b> in un contesto agricolo caratterizzato da economia di sussistenza familiare, all\u2019imbocco della Valle dei Progni a Fumane in Valpolicella, si insedia&nbsp; con il primo forno la Cementi Verona S.p.A.<br>\n<br>\n<b><i>Panorama sa Sud-est: Mazzarino di Sotto \u2013 sullo sfondo il \u201cCorno d\u2019Aquilio\u201d<\/i><\/b><\/p>\n\n\n\n<p>Con in mano una concessione di ricerca minieraria il 21 maggio <b>1964&nbsp; <\/b>ed il<b> <\/b>20 gennaio <b>1965<\/b> vengono aperte le prime cave attorno al monte Santoccio (comune di Fumane) e verso Purano (comune di Marano Valpolicella). Tutto un intero sistema di vigneti e chilometri di marogne, vaj e boschi, viene compromesso.<\/p>\n\n\n\n<p><span style=\"line-height: 1.4em;\">Viene dato avvio ad un fitta rete di intermediazione per convincere i contadini a vendere le terre. Gli amministratori locali giocano un ruolo primario nella mediazione.<\/span><\/p>\n\n\n\n<p>&nbsp;<\/p>\n\n\n\n<p><b>16 ottobre 1971<\/b> la Cementi Verona S.p.A presenta richiesta di Concessione mineraria di marna da cemento denominata \u201cMonte Noroni\u201d (il monte, alto 700 metri, \u00e8 il punto estremo a Nord oltre addirittura la perimetrazione mineraria.<\/p>\n\n\n\n<p><span style=\"line-height: 1.4em;\">Nel <\/span><b style=\"line-height: 1.4em;\">1972<\/b><span style=\"line-height: 1.4em;\"> nella fabbrica viene installato <\/span><b style=\"line-height: 1.4em;\">il secondo forno Lepol (tecnologia degli anni \u201930). <\/b><span style=\"line-height: 1.4em;\">I due forni, con aggiustamenti vari, sono gli stessi attualmente in uso.<\/span><\/p>\n\n\n\n<p>Malgrado le contestazioni popolari guidate dalla Coldiretti e da Italia Nostra che denunciavano i livelli di inquinamento e le preoccupazioni per le ricadute economiche sul settore agro-alimentare il <b>29 aprile 1975<\/b> veniva rilasciata la prima vera e propria Concessione mineraria di 590 ettari per la durata di 25 anni.<\/p>\n\n\n\n<p>Nel <b>1991<\/b> nasce <b>il Parco Naturale Regionale della Lessinia<\/b>.<\/p>\n\n\n\n<p>Nel <b>1993<\/b> in seguito a riperimetrazione anche l\u2019area di <b>Marezzane<\/b> compresa nella concessione mineraria viene inserita nel parco Regionale Naturale della Lessinia come area Agro-Silvo- Pastorale,<\/p>\n\n\n\n<figure class=\"wp-block-gallery alignleft has-nested-images columns-default is-cropped wp-block-gallery-2 is-layout-flex wp-block-gallery-is-layout-flex\">\n<figure class=\"wp-block-image size-large\"><a href=\"http:\/\/www.maranovalpolicella.it\/valpolicella2000\/immagini\/2014\/02\/agosto0013.jpg\" data-lbwps-width=\"800\" data-lbwps-height=\"123\" data-lbwps-srcsmall=\"https:\/\/www.maranovalpolicella.it\/valpolicella2000\/immagini\/2014\/02\/agosto0013.jpg\"><img loading=\"lazy\" decoding=\"async\" width=\"800\" height=\"123\" data-id=\"409\" src=\"https:\/\/www.maranovalpolicella.it\/valpolicella2000\/immagini\/2014\/02\/agosto0013.jpg\" alt=\"agosto0013\" class=\"wp-image-409\" srcset=\"https:\/\/www.maranovalpolicella.it\/valpolicella2000\/immagini\/2014\/02\/agosto0013.jpg 800w, https:\/\/www.maranovalpolicella.it\/valpolicella2000\/immagini\/2014\/02\/agosto0013-300x46.jpg 300w, https:\/\/www.maranovalpolicella.it\/valpolicella2000\/immagini\/2014\/02\/agosto0013-500x76.jpg 500w\" sizes=\"auto, (max-width: 800px) 100vw, 800px\" \/><\/a><\/figure>\n<\/figure>\n\n\n\n<p><\/p>\n\n\n\n<p><b><i>La costa di Mazzarino di Sopra (Marezzane)<\/i><\/b><\/p>\n\n\n\n<p>Nel <b>1993 l\u2019Industria Cementi Giovanni Rossi di Piacenza<\/b> subentra per incorporazione alla Cementi Verona.<\/p>\n\n\n\n<p>Il <b>28 febbraio 1994<\/b> la concessione mineraria viene trasferita all\u2019Industria&nbsp; Cementi Giovanni Rossi SpA.<b><\/b><\/p>\n\n\n\n<h2 class=\"wp-block-heading\"><span style=\"line-height: 1.4em; color: #993300;\">1998 &#8211; 2007<\/span><\/h2>\n\n\n\n<p><b style=\"line-height: 1.4em;\">Nel 1998<\/b><span style=\"line-height: 1.4em;\"> la Cementirossi chiede il \u201crinnovo\u201d della concessione Mineraria.<\/span><\/p>\n\n\n\n<p>&nbsp;<\/p>\n\n\n\n<p><b>1998 <\/b>nasce il <b>comitato Valpolicella 2000<\/b> per contrastare il rilascio della concessione mineraria.<b><\/b><\/p>\n\n\n\n<figure class=\"wp-block-gallery alignleft has-nested-images columns-default is-cropped wp-block-gallery-3 is-layout-flex wp-block-gallery-is-layout-flex\">\n<figure class=\"wp-block-image size-large\"><a href=\"http:\/\/www.maranovalpolicella.it\/valpolicella2000\/immagini\/2014\/02\/panoramica02a.jpg\" data-lbwps-width=\"800\" data-lbwps-height=\"170\" data-lbwps-srcsmall=\"https:\/\/www.maranovalpolicella.it\/valpolicella2000\/immagini\/2014\/02\/panoramica02a.jpg\"><img loading=\"lazy\" decoding=\"async\" width=\"800\" height=\"170\" data-id=\"528\" src=\"https:\/\/www.maranovalpolicella.it\/valpolicella2000\/immagini\/2014\/02\/panoramica02a.jpg\" alt=\"panoramica02a\" class=\"wp-image-528\" srcset=\"https:\/\/www.maranovalpolicella.it\/valpolicella2000\/immagini\/2014\/02\/panoramica02a.jpg 800w, https:\/\/www.maranovalpolicella.it\/valpolicella2000\/immagini\/2014\/02\/panoramica02a-300x63.jpg 300w, https:\/\/www.maranovalpolicella.it\/valpolicella2000\/immagini\/2014\/02\/panoramica02a-500x106.jpg 500w\" sizes=\"auto, (max-width: 800px) 100vw, 800px\" \/><\/a><\/figure>\n<\/figure>\n\n\n\n<p><b>Dicembre 1999<\/b> i comuni di Marano e Fumane stipulano una convenzione capestro con la Cementirossi in cui all\u2019art.12 le Amministrazioni comunali si impegna a non ostacolare l\u2019attivit\u00e0 dell\u2019azienda in cambio di garanzie fidejussorie irrisorie rispetto all\u2019entit\u00e0 del danno e vengono previsti i \u201cripristini\u201d, peraltro previsto per legge.<a title=\"\" href=\"file:\/\/\/H:\/Documents%20and%20Settings\/Administrator\/Impostazioni%20locali\/Temporary%20Internet%20Files\/Content.IE5\/G56D20SW\/SCHEDA%20illustrato.doc#_ftn1\">[1]<br>\n<\/a><\/p>\n\n\n\n<p><b><i>L<\/i><\/b><b><i>a Valle dei Progni vista da nord \u2013 sulla sinistra la collina di Marezzane<\/i><\/b><b><i><\/i><\/b><\/p>\n\n\n\n<p>Nel 2000 malgrado la ferma opposizioni di gruppi di cittadini, ma con il consenso della Amministrazioni Comunali di Marano e Fumane viene rilasciata una nuova concessione mineraria per ulteriori 25 anni \u2013 <b>fino al 29 aprile 2025<\/b>&nbsp; (cambia il perimetro della Miniera \u2013 passa da 590 a 406 ettari).<\/p>\n\n\n\n<p><span style=\"line-height: 1.4em;\">Con un trucchetto terminologico viene chiamata <\/span><b style=\"line-height: 1.4em;\">rinnovo e non nuova concessione<\/b><span style=\"line-height: 1.4em;\">. Nel secondo caso in base alle norme del Parco, nel frattempo costituito, nuove escavazioni sarebbero assolutamente interdette.<\/span><a style=\"line-height: 1.4em;\" title=\"\" href=\"file:\/\/\/H:\/Documents%20and%20Settings\/Administrator\/Impostazioni%20locali\/Temporary%20Internet%20Files\/Content.IE5\/G56D20SW\/SCHEDA%20illustrato.doc#_ftn2\">[2]<\/a><\/p>\n\n\n\n<p>La Comunit\u00e0 Montana della Lessinia, che gestisce il Parco, <b>presenta ricorso al Tribunale Amministrativo Regionale (TAR<\/b>) insieme con il WWF Italia. Il ricorso \u00e8 tuttora pendente.<\/p>\n\n\n\n<figure class=\"wp-block-gallery alignleft has-nested-images columns-default is-cropped wp-block-gallery-4 is-layout-flex wp-block-gallery-is-layout-flex\">\n<figure class=\"wp-block-image size-large\"><a href=\"http:\/\/www.maranovalpolicella.it\/valpolicella2000\/immagini\/2014\/02\/DSC_8898.jpg\" data-lbwps-width=\"800\" data-lbwps-height=\"536\" data-lbwps-srcsmall=\"https:\/\/www.maranovalpolicella.it\/valpolicella2000\/immagini\/2014\/02\/DSC_8898.jpg\"><img loading=\"lazy\" decoding=\"async\" width=\"800\" height=\"536\" data-id=\"475\" src=\"https:\/\/www.maranovalpolicella.it\/valpolicella2000\/immagini\/2014\/02\/DSC_8898.jpg\" alt=\"DSC_8898\" class=\"wp-image-475\" srcset=\"https:\/\/www.maranovalpolicella.it\/valpolicella2000\/immagini\/2014\/02\/DSC_8898.jpg 800w, https:\/\/www.maranovalpolicella.it\/valpolicella2000\/immagini\/2014\/02\/DSC_8898-300x201.jpg 300w, https:\/\/www.maranovalpolicella.it\/valpolicella2000\/immagini\/2014\/02\/DSC_8898-447x300.jpg 447w\" sizes=\"auto, (max-width: 800px) 100vw, 800px\" \/><\/a><\/figure>\n<\/figure>\n\n\n\n<p>Altri due <b>ricorsi al TAR<\/b> vengono presentati da <b>Legambiente Verona, WWF Italia e Associazione Valpolicella 2000 <\/b>a specifiche e successive autorizzazioni regionali richieste per rendere possibili gli scavi.<br>\n<\/p>\n\n\n\n<p><b><i>Camporal Santo<\/i><\/b><\/p>\n\n\n\n<p>Grazie al lavoro svolto dai cittadini e dal comitato Valpolicella 2000, e al parere della <b>Sovrintendenza per i beni archeologici e paesaggistici di Verona<\/b>, nella Concessione Mineraria viene inserita una esplicita prescrizione:<\/p>\n\n\n\n<p><b style=\"line-height: 1.4em;\"><i>subordinazione di qualsiasi attivit\u00e0 mineraria nella localit\u00e0 Marezzane alla&nbsp; presentazione&nbsp; e&nbsp;<\/i><\/b><\/p>\n\n\n\n<figure class=\"wp-block-gallery alignright has-nested-images columns-default is-cropped wp-block-gallery-5 is-layout-flex wp-block-gallery-is-layout-flex\">\n<figure class=\"wp-block-image size-large\"><a href=\"http:\/\/www.maranovalpolicella.it\/valpolicella2000\/immagini\/2014\/02\/DSC_8927.jpg\" data-lbwps-width=\"800\" data-lbwps-height=\"536\" data-lbwps-srcsmall=\"https:\/\/www.maranovalpolicella.it\/valpolicella2000\/immagini\/2014\/02\/DSC_8927.jpg\"><img loading=\"lazy\" decoding=\"async\" width=\"800\" height=\"536\" data-id=\"478\" src=\"https:\/\/www.maranovalpolicella.it\/valpolicella2000\/immagini\/2014\/02\/DSC_8927.jpg\" alt=\"DSC_8927\" class=\"wp-image-478\" srcset=\"https:\/\/www.maranovalpolicella.it\/valpolicella2000\/immagini\/2014\/02\/DSC_8927.jpg 800w, https:\/\/www.maranovalpolicella.it\/valpolicella2000\/immagini\/2014\/02\/DSC_8927-300x201.jpg 300w, https:\/\/www.maranovalpolicella.it\/valpolicella2000\/immagini\/2014\/02\/DSC_8927-447x300.jpg 447w\" sizes=\"auto, (max-width: 800px) 100vw, 800px\" \/><\/a><\/figure>\n<\/figure>\n\n\n\n<p><b style=\"line-height: 1.4em;\"><i><\/i><\/b><\/p>\n\n\n\n<p><b style=\"line-height: 1.4em;\"><i>approvazione da parte degli enti competenti di una documentazione maggiormente dettagliata di livello esecutivo e riferita anche agli elementi di interesse architettonico e storico artistico in&nbsp;<\/i><\/b><b><i><span style=\"line-height: 1.4em;\">grado di dar conto sia dell\u2019attuale situazione del territorio, sia quella relativa&nbsp;<\/span>all&#8217;assetto<span style=\"line-height: 1.4em;\">&nbsp;finale.<\/span><\/i><\/b><\/p>\n\n\n\n<p><b><i>Camporal Santo<\/i><\/b><\/p>\n\n\n\n<p>Evidentemente tali elementi, presenti invece per i cantieri attivi di Ziviana, Barbiaghe e Giarola, per Marezzane&nbsp; erano assenti nella documentazione presentata da Industria Cementi Rossi.<\/p>\n\n\n\n<p><b>Giugno 2000<\/b>. La Cementirossi viene colta a scavare nel cantiere&nbsp; Ziviana senza autorizzazione forestale e multata.<\/p>\n\n\n\n<p><b>Agosto 2000<\/b> dall\u2019esperienza del comitato si costituisce <b>l\u2019Associazione Valpolicella 2000<\/b> che assume la tutela della Valpolicella come sua mission.<\/p>\n\n\n\n<figure class=\"wp-block-gallery alignleft has-nested-images columns-default is-cropped wp-block-gallery-6 is-layout-flex wp-block-gallery-is-layout-flex\">\n<figure class=\"wp-block-image size-large\"><a href=\"http:\/\/www.maranovalpolicella.it\/valpolicella2000\/immagini\/2014\/02\/panoramica02.jpg\" data-lbwps-width=\"800\" data-lbwps-height=\"147\" data-lbwps-srcsmall=\"https:\/\/www.maranovalpolicella.it\/valpolicella2000\/immagini\/2014\/02\/panoramica02.jpg\"><img loading=\"lazy\" decoding=\"async\" width=\"800\" height=\"147\" data-id=\"526\" src=\"https:\/\/www.maranovalpolicella.it\/valpolicella2000\/immagini\/2014\/02\/panoramica02.jpg\" alt=\"panoramica02\" class=\"wp-image-526\" srcset=\"https:\/\/www.maranovalpolicella.it\/valpolicella2000\/immagini\/2014\/02\/panoramica02.jpg 800w, https:\/\/www.maranovalpolicella.it\/valpolicella2000\/immagini\/2014\/02\/panoramica02-300x55.jpg 300w, https:\/\/www.maranovalpolicella.it\/valpolicella2000\/immagini\/2014\/02\/panoramica02-500x91.jpg 500w\" sizes=\"auto, (max-width: 800px) 100vw, 800px\" \/><\/a><\/figure>\n<\/figure>\n\n\n\n<p><\/p>\n\n\n\n<p><b>2000<\/b> viene aperto il sito <b><a href=\"https:\/\/www.maranovalpolicella.it\/valpolicella2000\">http:\/\/www.valpolicella2000.it\/a\/<\/a><\/b>&nbsp; <\/p>\n\n\n<div class=\"wp-block-image\">\n<figure class=\"alignleft size-large is-resized\"><a href=\"http:\/\/www.maranovalpolicella.it\/valpolicella2000\/immagini\/2014\/02\/DSC_4160.jpg\" data-lbwps-width=\"536\" data-lbwps-height=\"800\" data-lbwps-srcsmall=\"https:\/\/www.maranovalpolicella.it\/valpolicella2000\/immagini\/2014\/02\/DSC_4160.jpg\"><img loading=\"lazy\" decoding=\"async\" width=\"536\" height=\"800\" src=\"https:\/\/www.maranovalpolicella.it\/valpolicella2000\/immagini\/2014\/02\/DSC_4160.jpg\" alt=\"DSC_4160\" class=\"wp-image-458\" style=\"width:301px;height:auto\" srcset=\"https:\/\/www.maranovalpolicella.it\/valpolicella2000\/immagini\/2014\/02\/DSC_4160.jpg 536w, https:\/\/www.maranovalpolicella.it\/valpolicella2000\/immagini\/2014\/02\/DSC_4160-201x300.jpg 201w\" sizes=\"auto, (max-width: 536px) 100vw, 536px\" \/><\/a><\/figure>\n<\/div>\n\n\n<p><b>2001 <\/b>L\u2019azienda presenta domanda alla regione per proseguire gli scavi nei cantieri di Ziviana, Barbiaghe e Giarola (le cave aperte dal 1962 ..) tutte attorno all\u2019abitato di Purano. La cartografia di progetto presentata dall\u2019azienda&nbsp; presenta&nbsp; sensibili difformit\u00e0 da quanto segnato nel Piano Regolatore (PRG) del Comune di Marano. Il Comune tace, l\u2019intervento dell\u2019associazione Valpolicella 2000 costringe ad approfondimento della pratica e l\u2019applicazioni di prescrizioni nonch\u00e9 il versamento di una Fideiussione di importo superiore a quello \u201ccontrattato\u201d dai Comuni.<\/p>\n\n\n\n<p><b><i>Prospettiva panoramica da Cerna \u2013 al centro Marezzane<\/i><\/b><\/p>\n\n\n\n<p>&nbsp;<\/p>\n\n\n\n<p>&nbsp;<\/p>\n\n\n\n<p>&nbsp;<\/p>\n\n\n\n<p>Contraddicendo gli impegni spesi dalla Cementirossi nella richiesta della nuova concessione mineraria presenta un piano di escavazione che prevede la contemporanea apertura di 3 cantieri di lavoro attorno a Purano.<\/p>\n\n\n\n<p>L\u2019intervento dell\u2019associazione Valpolicella 2000 permette di&nbsp; stralciare il cantiere di Barbiaghe, quello pi\u00f9 adiacente all\u2019abitato di Purano, a causa dei problemi di natura idrogeologica e geologica (la persistenza dell\u2019abitato su una Paelofrana)<\/p>\n\n\n\n<p>La rinuncia temporanea del cantiere di Barbiaghe viene \u201cgiustificata\u201d dalla Cementirossi con al mancanza disponibilit\u00e0 di parte dei terreni.<a title=\"\" href=\"file:\/\/\/H:\/Documents%20and%20Settings\/Administrator\/Impostazioni%20locali\/Temporary%20Internet%20Files\/Content.IE5\/G56D20SW\/SCHEDA%20illustrato.doc#_ftn3\">[3]<\/a><\/p>\n\n\n\n<figure class=\"wp-block-gallery alignleft has-nested-images columns-default is-cropped wp-block-gallery-7 is-layout-flex wp-block-gallery-is-layout-flex\">\n<figure class=\"wp-block-image size-large\"><a href=\"http:\/\/www.maranovalpolicella.it\/valpolicella2000\/immagini\/2014\/02\/neve0086.jpg\" data-lbwps-width=\"800\" data-lbwps-height=\"586\" data-lbwps-srcsmall=\"https:\/\/www.maranovalpolicella.it\/valpolicella2000\/immagini\/2014\/02\/neve0086.jpg\"><img loading=\"lazy\" decoding=\"async\" width=\"800\" height=\"586\" data-id=\"518\" src=\"https:\/\/www.maranovalpolicella.it\/valpolicella2000\/immagini\/2014\/02\/neve0086.jpg\" alt=\"neve0086\" class=\"wp-image-518\" srcset=\"https:\/\/www.maranovalpolicella.it\/valpolicella2000\/immagini\/2014\/02\/neve0086.jpg 800w, https:\/\/www.maranovalpolicella.it\/valpolicella2000\/immagini\/2014\/02\/neve0086-300x219.jpg 300w, https:\/\/www.maranovalpolicella.it\/valpolicella2000\/immagini\/2014\/02\/neve0086-409x300.jpg 409w\" sizes=\"auto, (max-width: 800px) 100vw, 800px\" \/><\/a><\/figure>\n<\/figure>\n\n\n\n<p><b>&nbsp;<\/b><\/p>\n\n\n\n<p><b><i>Corte Marezzane lato nord ovest<\/i><\/b><\/p>\n\n\n\n<p><b>Giugno 2002<\/b>, all\u2019interno delle iniziative dell\u2019Anno della Montagna, insieme con il CAI, viene inaugurato <b>il sentiero di Marezzane<\/b> un circuito realizzato collegando sentieri preesistenti. Il percorso che attraversa un ampio territorio (3\/4ore) passa all\u2019interno della collina di Marezzane. Per tale motivo tale sentiero, percorso da migliaia di persone ogni anno, viene contrastato deliberatamente dall\u2019amministrazione comunale di Marano Valpolicella (si arriva a non finanziare la pubblicazione dell\u2019opuscolo realizzato dal Centro Turistico Giovanile, in un primo tempo previsto, perch\u00e9 all\u2019interno tra i percorsi segnalati era stato inserito quello di Marezzane).<\/p>\n\n\n\n<p><b><i>Corte Marezzane &#8211; Parco Regionale della Lessinia&nbsp; e croce votiva del 1736 <\/i><\/b><\/p>\n\n\n\n<p>&nbsp;<\/p>\n\n\n<div class=\"wp-block-image is-style-default\">\n<figure class=\"alignleft size-large is-resized\"><a href=\"http:\/\/www.maranovalpolicella.it\/valpolicella2000\/immagini\/2014\/02\/DSC_1181.jpg\" data-lbwps-width=\"536\" data-lbwps-height=\"800\" data-lbwps-srcsmall=\"https:\/\/www.maranovalpolicella.it\/valpolicella2000\/immagini\/2014\/02\/DSC_1181.jpg\"><img loading=\"lazy\" decoding=\"async\" width=\"536\" height=\"800\" src=\"https:\/\/www.maranovalpolicella.it\/valpolicella2000\/immagini\/2014\/02\/DSC_1181.jpg\" alt=\"DSC_1181\" class=\"wp-image-442\" style=\"width:232px;height:auto\" srcset=\"https:\/\/www.maranovalpolicella.it\/valpolicella2000\/immagini\/2014\/02\/DSC_1181.jpg 536w, https:\/\/www.maranovalpolicella.it\/valpolicella2000\/immagini\/2014\/02\/DSC_1181-201x300.jpg 201w\" sizes=\"auto, (max-width: 536px) 100vw, 536px\" \/><\/a><\/figure>\n<\/div>\n\n\n<p>il <b>22 novembre 2002<\/b> Giorgio Marconi, 41 anni,&nbsp; dipendente di una ditta esterna, muore sepolto da un cumulo di&nbsp; terra&nbsp; all\u2019interno del buco profondo poco meno di tre metri e largo 80 centimetri che avrebbe dovuto \u00abospitare\u00bb una condotta fognaria&nbsp; per lo scarico delle acque bianche del cementificio..<\/p>\n\n\n\n<p>Il<b> 6 ottobre 2006 <\/b>viene organizzata la prima festa <b>MAREZZANE NON SI TOCCA<\/b> che nel tempo diventa annuale appuntamento di riferimento per le associazioni non solo della Valle.<\/p>\n\n\n\n<p><\/p>\n\n\n\n<p>&nbsp;<\/p>\n\n\n\n<p>&nbsp;<\/p>\n\n\n\n<figure class=\"wp-block-image size-large is-resized\"><a href=\"http:\/\/www.maranovalpolicella.it\/valpolicella2000\/immagini\/2014\/02\/DSC_1186.jpg\" data-lbwps-width=\"800\" data-lbwps-height=\"536\" data-lbwps-srcsmall=\"https:\/\/www.maranovalpolicella.it\/valpolicella2000\/immagini\/2014\/02\/DSC_1186.jpg\"><img loading=\"lazy\" decoding=\"async\" width=\"800\" height=\"536\" src=\"https:\/\/www.maranovalpolicella.it\/valpolicella2000\/immagini\/2014\/02\/DSC_1186.jpg\" alt=\"DSC_1186\" class=\"wp-image-444\" style=\"aspect-ratio:1.4925809423950689;width:412px;height:auto\" srcset=\"https:\/\/www.maranovalpolicella.it\/valpolicella2000\/immagini\/2014\/02\/DSC_1186.jpg 800w, https:\/\/www.maranovalpolicella.it\/valpolicella2000\/immagini\/2014\/02\/DSC_1186-300x201.jpg 300w, https:\/\/www.maranovalpolicella.it\/valpolicella2000\/immagini\/2014\/02\/DSC_1186-447x300.jpg 447w\" sizes=\"auto, (max-width: 800px) 100vw, 800px\" \/><\/a><\/figure>\n\n\n\n<p><b><i>Marezzane N<\/i><\/b><b><i>ord &#8211; sorgente e \u201cgiasara\u201d<\/i><\/b><\/p>\n\n\n\n<figure class=\"wp-block-image size-large is-resized\"><a href=\"http:\/\/www.maranovalpolicella.it\/valpolicella2000\/immagini\/2014\/02\/DSC_1184.jpg\" data-lbwps-width=\"800\" data-lbwps-height=\"536\" data-lbwps-srcsmall=\"https:\/\/www.maranovalpolicella.it\/valpolicella2000\/immagini\/2014\/02\/DSC_1184.jpg\"><img loading=\"lazy\" decoding=\"async\" width=\"800\" height=\"536\" src=\"https:\/\/www.maranovalpolicella.it\/valpolicella2000\/immagini\/2014\/02\/DSC_1184.jpg\" alt=\"DSC_1184\" class=\"wp-image-443\" style=\"aspect-ratio:1.4925809423950689;width:451px;height:auto\" srcset=\"https:\/\/www.maranovalpolicella.it\/valpolicella2000\/immagini\/2014\/02\/DSC_1184.jpg 800w, https:\/\/www.maranovalpolicella.it\/valpolicella2000\/immagini\/2014\/02\/DSC_1184-300x201.jpg 300w, https:\/\/www.maranovalpolicella.it\/valpolicella2000\/immagini\/2014\/02\/DSC_1184-447x300.jpg 447w\" sizes=\"auto, (max-width: 800px) 100vw, 800px\" \/><\/a><\/figure>\n\n\n\n<p>&nbsp;<\/p>\n\n\n\n<p>&nbsp;<\/p>\n\n\n<div class=\"wp-block-image\">\n<figure class=\"alignleft\"><a href=\"http:\/\/www.maranovalpolicella.it\/valpolicella2000\/immagini\/2014\/02\/Clip.jpg\" data-lbwps-width=\"365\" data-lbwps-height=\"138\" data-lbwps-srcsmall=\"https:\/\/www.maranovalpolicella.it\/valpolicella2000\/immagini\/2014\/02\/Clip.jpg\"><img loading=\"lazy\" decoding=\"async\" width=\"365\" height=\"138\" src=\"http:\/\/www.maranovalpolicella.it\/valpolicella2000\/immagini\/2014\/02\/Clip.jpg\" alt=\"Clip\" class=\"wp-image-560\" srcset=\"https:\/\/www.maranovalpolicella.it\/valpolicella2000\/immagini\/2014\/02\/Clip.jpg 365w, https:\/\/www.maranovalpolicella.it\/valpolicella2000\/immagini\/2014\/02\/Clip-300x113.jpg 300w\" sizes=\"auto, (max-width: 365px) 100vw, 365px\" \/><\/a><\/figure>\n<\/div>\n\n\n<p>Fin dal<b> 2006<\/b> Marezzane \u00e8 inserito&nbsp; tra i \u201c<b>luoghi del cuore<\/b>\u201d del Fondo Ambiente Italiano.<br>\n<img loading=\"lazy\" decoding=\"async\" class=\"alignnone\" src=\"http:\/\/www.fondoambiente.it\/img\/logo-FAI.gif\" alt=\"\" width=\"133\" height=\"133\"><\/p>\n\n\n\n<p>Nel<b> 2007<\/b> l\u2019azienda, ancora una volta stravolgendo quanto presentato in occasione della nuova concessione mineraria, presenta e si fa approvare un progetto che de localizza parti dell\u2019attivit\u00e0 produttiva su tutto il territorio della miniera (ora di 406 ettari) installando <b>un <\/b><b>&nbsp;impianto di <\/b><\/p>\n\n\n\n<p><b>frantumazione \u201cmobile<\/b>\u201d, <b>un mega deposito e tutto un sistema di trasporto a nastro che ha comportato la cementificazione di 1 km e \u00bd di territorio.<\/b><b><\/b><\/p>\n\n\n\n<p><b>4 febbraio 2007<\/b> durante una serata organizzata dall\u2019Associazione Valpolicella 2000 e l\u2019aiuto del comitato&nbsp; di Monselice per la prima volta vengono comunicato alla popolazione che la cementeria utilizza enormi di quantit\u00e0 di rifiuti per la produzione di cemento.<\/p>\n\n\n\n<figure class=\"wp-block-gallery alignleft has-nested-images columns-default is-cropped wp-block-gallery-8 is-layout-flex wp-block-gallery-is-layout-flex\">\n<figure class=\"wp-block-image size-large\"><a href=\"http:\/\/www.maranovalpolicella.it\/valpolicella2000\/immagini\/2014\/02\/giass0002.jpg\" data-lbwps-width=\"800\" data-lbwps-height=\"600\" data-lbwps-srcsmall=\"https:\/\/www.maranovalpolicella.it\/valpolicella2000\/immagini\/2014\/02\/giass0002.jpg\"><img loading=\"lazy\" decoding=\"async\" width=\"800\" height=\"600\" data-id=\"484\" src=\"https:\/\/www.maranovalpolicella.it\/valpolicella2000\/immagini\/2014\/02\/giass0002.jpg\" alt=\"giass0002\" class=\"wp-image-484\" srcset=\"https:\/\/www.maranovalpolicella.it\/valpolicella2000\/immagini\/2014\/02\/giass0002.jpg 800w, https:\/\/www.maranovalpolicella.it\/valpolicella2000\/immagini\/2014\/02\/giass0002-300x225.jpg 300w, https:\/\/www.maranovalpolicella.it\/valpolicella2000\/immagini\/2014\/02\/giass0002-400x300.jpg 400w\" sizes=\"auto, (max-width: 800px) 100vw, 800px\" \/><\/a><\/figure>\n<\/figure>\n\n\n\n<p><\/p>\n\n\n\n<p><b>Febbraio 2007 l&#8217;associazione Valpolicella 2000 denuncia stoccaggio non autorizzato di rifiuti e pet-coke sui piazzali della cementeria. I depositi vengono rimossi, ma non viene bonificato il piazzale.<\/b><\/p>\n\n\n\n<p><b>&nbsp;<\/b><\/p>\n\n\n\n<p><b>5 Marzo 2007<\/b> un importante incidente provoca la fuoriuscita dal camino 2 di una rilevante nube tossica.<\/p>\n\n\n\n<p><b><i>Mazzarino di Sopra \u2013 affresco<\/i><\/b><\/p>\n\n\n\n<p>Con ordinanza n.32 dell&#8217;<b>11 luglio 2007<\/b> il Comune di Fumane rilevando l&#8217;<b>inquinamento nel progno Valle<\/b>, che scorre sul lato est del cementificio, ordina la rimozione dei fanghi e la bonifica del torrente.<b><\/b><\/p>\n\n\n\n<h2 class=\"wp-block-heading\"><span style=\"color: #993300;\"><b style=\"line-height: 1.4em;\">Autunno 2007<\/b><span style=\"line-height: 1.4em;\"> nasce a il <\/span><b style=\"line-height: 1.4em;\">comitato Fumane Futura<\/b><\/span><\/h2>\n\n\n\n<figure class=\"wp-block-image size-large is-resized\"><a href=\"http:\/\/www.maranovalpolicella.it\/valpolicella2000\/immagini\/2014\/02\/DSC_5441-001.jpg\" data-lbwps-width=\"800\" data-lbwps-height=\"536\" data-lbwps-srcsmall=\"https:\/\/www.maranovalpolicella.it\/valpolicella2000\/immagini\/2014\/02\/DSC_5441-001.jpg\"><img loading=\"lazy\" decoding=\"async\" width=\"800\" height=\"536\" src=\"https:\/\/www.maranovalpolicella.it\/valpolicella2000\/immagini\/2014\/02\/DSC_5441-001.jpg\" alt=\"DSC_5441-001\" class=\"wp-image-563\" style=\"aspect-ratio:1.4925809423950689;width:483px;height:auto\" srcset=\"https:\/\/www.maranovalpolicella.it\/valpolicella2000\/immagini\/2014\/02\/DSC_5441-001.jpg 800w, https:\/\/www.maranovalpolicella.it\/valpolicella2000\/immagini\/2014\/02\/DSC_5441-001-300x201.jpg 300w, https:\/\/www.maranovalpolicella.it\/valpolicella2000\/immagini\/2014\/02\/DSC_5441-001-447x300.jpg 447w\" sizes=\"auto, (max-width: 800px) 100vw, 800px\" \/><\/a><\/figure>\n\n\n\n<p>In localit\u00e0 Girotto viene realizzato un <b>Presidio Slow Food del Pero Miso.<\/b><\/p>\n\n\n\n<p>&nbsp;<\/p>\n\n\n\n<p><span style=\"color: #993300; line-height: 1.4em;\">NUOVA RICHIESTA SCAVI MAREZZANE<\/span><\/p>\n\n\n\n<p><b style=\"line-height: 1.4em;\">Ottobre 2007<\/b><span style=\"line-height: 1.4em;\"> il cementificio, in ottemperanza alla prescrizione prevista nella concessione mineraria, presenta un progetto per scavare a Marezzane sottoponendolo alla procedura di Valutazione Impatto Ambientale regionale.<\/span><a style=\"line-height: 1.4em;\" title=\"\" href=\"file:\/\/\/H:\/Documents%20and%20Settings\/Administrator\/Impostazioni%20locali\/Temporary%20Internet%20Files\/Content.IE5\/G56D20SW\/SCHEDA%20illustrato.doc#_ftn4\">[4]<\/a><\/p>\n\n\n\n<p>Si prevede l\u2019escavazione di 46 ettari di terreno di cui buona parte nella collina di Marezzane all\u2019interno del Parco Regionale della Lessinia in zona a ridosso di SIC del Parco delle cascate di Molina e il prolungamento temporale della concessione Mineraria dal 2025 al 2034.<\/p>\n\n\n<div class=\"wp-block-image\">\n<figure class=\"alignleft is-resized\"><a href=\"http:\/\/www.maranovalpolicella.it\/valpolicella2000\/immagini\/2014\/02\/DSC_8733.jpg\" data-lbwps-width=\"800\" data-lbwps-height=\"536\" data-lbwps-srcsmall=\"https:\/\/www.maranovalpolicella.it\/valpolicella2000\/immagini\/2014\/02\/DSC_8733.jpg\"><img loading=\"lazy\" decoding=\"async\" width=\"800\" height=\"536\" src=\"http:\/\/www.maranovalpolicella.it\/valpolicella2000\/immagini\/2014\/02\/DSC_8733.jpg\" alt=\"DSC_8733\" class=\"wp-image-474\" style=\"aspect-ratio:1.4925780361841037;width:418px;height:auto\" srcset=\"https:\/\/www.maranovalpolicella.it\/valpolicella2000\/immagini\/2014\/02\/DSC_8733.jpg 800w, https:\/\/www.maranovalpolicella.it\/valpolicella2000\/immagini\/2014\/02\/DSC_8733-300x201.jpg 300w, https:\/\/www.maranovalpolicella.it\/valpolicella2000\/immagini\/2014\/02\/DSC_8733-447x300.jpg 447w\" sizes=\"auto, (max-width: 800px) 100vw, 800px\" \/><\/a><\/figure>\n<\/div>\n\n\n<p><b><i><br>\nCollina di Marezzane vista da Monte Noroni (Nord Est) \u2013 al centro corte Marezzane&nbsp;<\/i><\/b><b><i>Sullo sfondo gli Appennini<\/i><\/b><\/p>\n\n\n\n<p><span style=\"line-height: 1.4em;\">Numerosi i soggetti che hanno presentato osservazioni:<\/span><\/p>\n\n\n\n<p>L\u2019associazione Valpolicella 2000 <a title=\"\" href=\"file:\/\/\/H:\/Documents%20and%20Settings\/Administrator\/Impostazioni%20locali\/Temporary%20Internet%20Files\/Content.IE5\/G56D20SW\/SCHEDA%20illustrato.doc#_ftn5\">[5]<\/a>, Legambiente Verona, WWF sez. Verona, 2 aziende agricole e il Parco regionale della Lessinia si oppongono e presentano osservazioni.<\/p>\n\n\n\n<p>Anche i Comuni di Fumane e Marano Valpolicella congiuntamente presentato osservazioni&nbsp; esprimendo per\u00f2 contestualmente un parere positivo.<\/p>\n\n\n\n<p><span style=\"line-height: 1.4em;\">Nel <\/span><b style=\"line-height: 1.4em;\">maggio del 2008<\/b><span style=\"line-height: 1.4em;\">, seguendo la strategia dello spezzatino, la Cementi Rossi presenta due nuovi progetti e separati progetti.<\/span><\/p>\n\n\n\n<p>Il primo, 6 maggio 2008, sull\u2019<b>utilizzo di rifiuti non pericolosi (80.000 tonnellate di ceneri da inceneritori,&nbsp; 12.000 &nbsp;di scaglie di laminazione e 30.000 &nbsp;di gessi di desolforizzazione) in sostituzione di materia prima<\/b>.<\/p>\n\n\n<div class=\"wp-block-image\">\n<figure class=\"alignleft is-resized\"><a href=\"http:\/\/www.maranovalpolicella.it\/valpolicella2000\/immagini\/2014\/02\/DSC_3712.jpg\" data-lbwps-width=\"800\" data-lbwps-height=\"536\" data-lbwps-srcsmall=\"https:\/\/www.maranovalpolicella.it\/valpolicella2000\/immagini\/2014\/02\/DSC_3712.jpg\"><img loading=\"lazy\" decoding=\"async\" width=\"800\" height=\"536\" src=\"http:\/\/www.maranovalpolicella.it\/valpolicella2000\/immagini\/2014\/02\/DSC_3712.jpg\" alt=\"DSC_3712\" class=\"wp-image-449\" style=\"aspect-ratio:1.4925780361841037;width:404px;height:auto\" srcset=\"https:\/\/www.maranovalpolicella.it\/valpolicella2000\/immagini\/2014\/02\/DSC_3712.jpg 800w, https:\/\/www.maranovalpolicella.it\/valpolicella2000\/immagini\/2014\/02\/DSC_3712-300x201.jpg 300w, https:\/\/www.maranovalpolicella.it\/valpolicella2000\/immagini\/2014\/02\/DSC_3712-447x300.jpg 447w\" sizes=\"auto, (max-width: 800px) 100vw, 800px\" \/><\/a><\/figure>\n<\/div>\n\n\n<p><b><i><br>\nVista dai prati di Mazzarino di Sopra \u2013 a sinistra l\u2019abitato di Manune al centro la tettoria che copre la Grotta di Fumane<\/i><\/b><\/p>\n\n\n\n<p><span style=\"line-height: 1.4em;\">Il secondo progetto, viene presentato il 23 maggio 2008, e riguarda &nbsp;<\/span><b style=\"line-height: 1.4em;\">l\u2019ammodernamento del cementificio<\/b><span style=\"line-height: 1.4em;\"> con la previsione di sostituire gli attuali obsoleti forni (del 1962 e 1972) con un moderno impianto a cicloni con la relativa realizzazione di una torre di 102 metri. Una prima versione del progetto era stato presentato al comune di Fumane nel 2007.<\/span><\/p>\n\n\n\n<p>Il <b>30 luglio 2008 <\/b>viene presentato uno \u201c<i>Studio di fattibilit\u00e0 per il riassetto della <b>rete viabilistica<\/b> del <\/i><i>Comune di Fumane finalizzato all\u2019individuazione di ipotesi e soluzioni di riorganizzazione urbana per la razionalizzazione dei flussi di attraversamento e della messa in sicurezza dal traffico pesante<\/i>\u201d, cio\u00e8 quello diretto al Cementificio. Lo studio \u00e8 assunto dal Comune e ha come committente&nbsp; l&#8217;industria Cementi Giovanni Rossi. Tra i suoi redattori troviamo l&#8217;architetto Claudia Marcon figlia del direttore del cementifico di Fumane.<\/p>\n\n\n\n<figure class=\"wp-block-gallery alignleft has-nested-images columns-default is-cropped wp-block-gallery-9 is-layout-flex wp-block-gallery-is-layout-flex\">\n<figure class=\"wp-block-image size-large\"><a href=\"http:\/\/www.maranovalpolicella.it\/valpolicella2000\/immagini\/2014\/02\/neve0074.jpg\" data-lbwps-width=\"800\" data-lbwps-height=\"600\" data-lbwps-srcsmall=\"https:\/\/www.maranovalpolicella.it\/valpolicella2000\/immagini\/2014\/02\/neve0074.jpg\"><img loading=\"lazy\" decoding=\"async\" width=\"800\" height=\"600\" data-id=\"516\" src=\"https:\/\/www.maranovalpolicella.it\/valpolicella2000\/immagini\/2014\/02\/neve0074.jpg\" alt=\"neve0074\" class=\"wp-image-516\" srcset=\"https:\/\/www.maranovalpolicella.it\/valpolicella2000\/immagini\/2014\/02\/neve0074.jpg 800w, https:\/\/www.maranovalpolicella.it\/valpolicella2000\/immagini\/2014\/02\/neve0074-300x225.jpg 300w, https:\/\/www.maranovalpolicella.it\/valpolicella2000\/immagini\/2014\/02\/neve0074-400x300.jpg 400w\" sizes=\"auto, (max-width: 800px) 100vw, 800px\" \/><\/a><\/figure>\n<\/figure>\n\n\n\n<p><span style=\"line-height: 1.4em;\">Il <\/span><b style=\"line-height: 1.4em;\">29 e <\/b><b style=\"line-height: 1.4em;\">il 30 dicembre 2008<\/b><span style=\"line-height: 1.4em;\"> i Consigli Comunali di Fumane e Marano Valpolicella hanno approvato una nuova convenzione con la Cementirossi che mantiene la clausola del silenzio prevista gi\u00e0 nella convenzione del 1999.<\/span><\/p>\n\n\n\n<p><b><i>Mazzarino di Sopra<\/i><\/b><\/p>\n\n\n\n<p>&nbsp;<\/p>\n\n\n\n<p>&nbsp;<\/p>\n\n\n\n<p>Il <b>18 febbraio 2010<\/b> l\u2019Industria Cementi Rossi segnala l\u2019esistenza di una possibile discarica non autorizzata in localit\u00e0 Ziviana dell\u2019area della Concessione Mineraria in territorio del comune di Marano Valpolicella.<\/p>\n\n\n\n<p>Il <b>21 aprile 2010<\/b> l\u2019associazione Valpolicella 2000 e il Comitato Fumane Futura segnalano l\u2019esistenza di un\u2019ulteriore possibile discarica non autorizzata in localit\u00e0 Gardelin all\u2019interno dell\u2019area della Concessione Mineraria in territorio del comune di Fumane.<\/p>\n\n\n\n<p><span style=\"color: #993300;\"><strong><span style=\"line-height: 1.4em;\">UN ITER SOFFERTO&nbsp;<\/span>E ALTERAZIONE DEL PROGETTO INIZIALE<\/strong><\/span><\/p>\n\n\n\n<p>A evidenziare le gravi lacune del&nbsp; progetto basti consultare il sito della regione<a title=\"\" href=\"file:\/\/\/H:\/Documents%20and%20Settings\/Administrator\/Impostazioni%20locali\/Temporary%20Internet%20Files\/Content.IE5\/G56D20SW\/SCHEDA%20illustrato.doc#_ftn6\">[6]<\/a>&nbsp; in cui viene riportata la documentazione del progetto di escavazione di Marezzane subisce molte modifiche ed integrazioni sul sito della Regione compaiono le seguenti integrazioni.<\/p>\n\n\n\n<p>In tutto sono&nbsp; 78 documenti<a title=\"\" href=\"file:\/\/\/H:\/Documents%20and%20Settings\/Administrator\/Impostazioni%20locali\/Temporary%20Internet%20Files\/Content.IE5\/G56D20SW\/SCHEDA%20illustrato.doc#_ftn7\">[7]<\/a> gli elaborati depositati ad integrazione del progetto iniziale che, evidentemente, nel tempo ha assunto caratteristiche molto diverse da quelle presentate pubblicamente.<\/p>\n\n\n\n<p>L&#8217;<b>8 giugno 2010<\/b> si conclude l&#8217;istruttoria tecnica presso la commissione VIA con il parere (n. 295) positivo espresso a maggioranza.<\/p>\n\n\n<div class=\"wp-block-image\">\n<figure class=\"alignleft is-resized\"><a href=\"http:\/\/www.maranovalpolicella.it\/valpolicella2000\/immagini\/2014\/02\/marzo0016.jpg\" data-lbwps-width=\"800\" data-lbwps-height=\"600\" data-lbwps-srcsmall=\"https:\/\/www.maranovalpolicella.it\/valpolicella2000\/immagini\/2014\/02\/marzo0016.jpg\"><img loading=\"lazy\" decoding=\"async\" width=\"800\" height=\"600\" src=\"http:\/\/www.maranovalpolicella.it\/valpolicella2000\/immagini\/2014\/02\/marzo0016.jpg\" alt=\"marzo0016\" class=\"wp-image-507\" style=\"width:400px;height:auto\" srcset=\"https:\/\/www.maranovalpolicella.it\/valpolicella2000\/immagini\/2014\/02\/marzo0016.jpg 800w, https:\/\/www.maranovalpolicella.it\/valpolicella2000\/immagini\/2014\/02\/marzo0016-300x225.jpg 300w, https:\/\/www.maranovalpolicella.it\/valpolicella2000\/immagini\/2014\/02\/marzo0016-400x300.jpg 400w\" sizes=\"auto, (max-width: 800px) 100vw, 800px\" \/><\/a><\/figure>\n<\/div>\n\n\n<p><b><i><br>\nMazzarino di Sotto<\/i><\/b><\/p>\n\n\n<div class=\"wp-block-image\">\n<figure class=\"alignleft is-resized\"><a href=\"http:\/\/www.maranovalpolicella.it\/valpolicella2000\/immagini\/2014\/02\/panoramica7.jpg\" data-lbwps-width=\"800\" data-lbwps-height=\"293\" data-lbwps-srcsmall=\"https:\/\/www.maranovalpolicella.it\/valpolicella2000\/immagini\/2014\/02\/panoramica7.jpg\"><img loading=\"lazy\" decoding=\"async\" width=\"800\" height=\"293\" src=\"http:\/\/www.maranovalpolicella.it\/valpolicella2000\/immagini\/2014\/02\/panoramica7.jpg\" alt=\"panoramica7\" class=\"wp-image-535\" style=\"aspect-ratio:2.730524689524036;width:531px;height:auto\" srcset=\"https:\/\/www.maranovalpolicella.it\/valpolicella2000\/immagini\/2014\/02\/panoramica7.jpg 800w, https:\/\/www.maranovalpolicella.it\/valpolicella2000\/immagini\/2014\/02\/panoramica7-300x109.jpg 300w, https:\/\/www.maranovalpolicella.it\/valpolicella2000\/immagini\/2014\/02\/panoramica7-500x183.jpg 500w\" sizes=\"auto, (max-width: 800px) 100vw, 800px\" \/><\/a><\/figure>\n<\/div>\n\n\n<p>&nbsp;<\/p>\n\n\n\n<p><b><i>da &nbsp;Manune- al centro rio Bajaghe, poi Marezzane e a destra la Valle del Progni<\/i><\/b><\/p>\n\n\n\n<p><strong><span style=\"color: #993300;\">&nbsp;IL PARERE DELLA SOPRINTENDENZA<\/span><\/strong><\/p>\n\n\n\n<p>Il <b>24 ottobre 2011<\/b> a fine dell&#8217;istruttoria tecnica della commissione VIA&nbsp; viene richiesta alla Sovrintendenza per i beni architettonici e paesaggistici il parere vincolante di compatibilit\u00e0 paesaggistica.<\/p>\n\n\n\n<p>Il <b>04.11.2011 la Soprintendenza per i Beni Archeologici del Veneto \u2013 Nucleo operativo di Verona<\/b>, comunicava&nbsp; che <i>nell&#8217;area oggetto di intervento <b>non sono presenti zone di interesse archeologico tutelate<\/b><\/i>.<\/p>\n\n\n\n<figure class=\"wp-block-gallery alignleft has-nested-images columns-default is-cropped wp-block-gallery-10 is-layout-flex wp-block-gallery-is-layout-flex\">\n<figure class=\"wp-block-image size-large\"><a href=\"http:\/\/www.maranovalpolicella.it\/valpolicella2000\/immagini\/2014\/02\/sorbo-015.jpg\" data-lbwps-width=\"800\" data-lbwps-height=\"537\" data-lbwps-srcsmall=\"https:\/\/www.maranovalpolicella.it\/valpolicella2000\/immagini\/2014\/02\/sorbo-015.jpg\"><img loading=\"lazy\" decoding=\"async\" width=\"800\" height=\"537\" data-id=\"541\" src=\"https:\/\/www.maranovalpolicella.it\/valpolicella2000\/immagini\/2014\/02\/sorbo-015.jpg\" alt=\"sorbo-015\" class=\"wp-image-541\" srcset=\"https:\/\/www.maranovalpolicella.it\/valpolicella2000\/immagini\/2014\/02\/sorbo-015.jpg 800w, https:\/\/www.maranovalpolicella.it\/valpolicella2000\/immagini\/2014\/02\/sorbo-015-300x201.jpg 300w, https:\/\/www.maranovalpolicella.it\/valpolicella2000\/immagini\/2014\/02\/sorbo-015-446x300.jpg 446w\" sizes=\"auto, (max-width: 800px) 100vw, 800px\" \/><\/a><\/figure>\n<\/figure>\n\n\n\n<p><span style=\"line-height: 1.4em;\">Il <\/span><b style=\"line-height: 1.4em;\">6 dicembre 2011<\/b><span style=\"line-height: 1.4em;\"> la Soprintendenza per i beni Architettonici e paesaggistici di Verona comunica in un lungo e dettagliato parere comunica i motivi ostativi all&#8217;accoglienza del progetto di coltivazione mineraria del Cantiere di&nbsp; Marezzane<\/span><\/p>\n\n\n\n<p><b><i>Marezzane e le \u201cpreare\u201d del settecento<\/i><\/b><br>\nil <b>14 dicembre&nbsp; 2011<\/b> la Sovrintendenza acquisisce le&nbsp; osservazioni ai motivi ostativi dell&#8217;Industria Cementi Rossi.<\/p>\n\n\n\n<p>il <b>16 dicembre <\/b>la Soprintendenza<b> <\/b>dopo aver esaminato ad una le osservazioni presentate dal proponente rilascia<b> il parere&nbsp; negativo vincolante<\/b> al progetto di escavazione.<\/p>\n\n\n\n<p><span style=\"line-height: 1.4em;\">A questo punto, come previsto dal comma 8 dell&#8217;art. 146 del D. lgs. 42\/04, la Regione entro venti giorni dalla ricezione del parere avrebbe dovuto emettere \u201d<\/span><b style=\"line-height: 1.4em;\"><i>provvedere in conformit\u00e0<\/i><\/b><span style=\"line-height: 1.4em;\">\u201d.<\/span><\/p>\n\n\n\n<figure class=\"wp-block-gallery alignleft has-nested-images columns-default is-cropped wp-block-gallery-11 is-layout-flex wp-block-gallery-is-layout-flex\">\n<figure class=\"wp-block-image size-large\"><a href=\"http:\/\/www.maranovalpolicella.it\/valpolicella2000\/immagini\/2014\/02\/giass0004.jpg\" data-lbwps-width=\"800\" data-lbwps-height=\"600\" data-lbwps-srcsmall=\"https:\/\/www.maranovalpolicella.it\/valpolicella2000\/immagini\/2014\/02\/giass0004.jpg\"><img loading=\"lazy\" decoding=\"async\" width=\"800\" height=\"600\" data-id=\"485\" src=\"https:\/\/www.maranovalpolicella.it\/valpolicella2000\/immagini\/2014\/02\/giass0004.jpg\" alt=\"giass0004\" class=\"wp-image-485\" srcset=\"https:\/\/www.maranovalpolicella.it\/valpolicella2000\/immagini\/2014\/02\/giass0004.jpg 800w, https:\/\/www.maranovalpolicella.it\/valpolicella2000\/immagini\/2014\/02\/giass0004-300x225.jpg 300w, https:\/\/www.maranovalpolicella.it\/valpolicella2000\/immagini\/2014\/02\/giass0004-400x300.jpg 400w\" sizes=\"auto, (max-width: 800px) 100vw, 800px\" \/><\/a><\/figure>\n<\/figure>\n\n\n\n<p><b><i>Mazzarino di Sopra<\/i><\/b><\/p>\n\n\n\n<p>&nbsp;<\/p>\n\n\n\n<p>&nbsp;<\/p>\n\n\n\n<p>&nbsp;<\/p>\n\n\n\n<p>&nbsp;<\/p>\n\n\n\n<p>&nbsp;<\/p>\n\n\n\n<p>&nbsp;<\/p>\n\n\n\n<p>&nbsp;<\/p>\n\n\n\n<p><span style=\"color: #993300;\"><strong><span style=\"line-height: 1.4em;\"><br>\nIL PARERE<\/span><\/strong><\/span><\/p>\n\n\n\n<p>Il parere della Soprintendenza \u00e8 categoricamente negativo e non lascia spazio e margini a interpretazioni. Il progetto \u00e8 bocciato. <i><\/i><\/p>\n\n\n\n<p><i>\u201c<\/i><i>Le progettate opere a carattere areale&nbsp; e lineare, che modificherebbero vaste parti del territorio [\u2026], da realizzarsi in area [\u2026] caratterizzata dal tipico paesaggio collinare e pedemontano della Valpolicella e della Lessinia, e da una posizione di <b>eccezionale<\/b> valenza panoramica, visibile dai pendii contermini e da molteplici punti di vista accessibili dal pubblico, all\u2019interno di un contesto paesaggistico ed ambientale di <b>altissimo pregio, <\/b>qualora realizzate, comporteranno la <b>modifica irreversibile e negativa<\/b>&nbsp; del pregevole ambito collinare e pedemontano, con perdita dei valori intrinseci sanciti dal provvedimento di tutela, <b>introducendo alterazioni permanenti<\/b> e negative dell\u2019assetto morfologico, percettivo e panoramico che connota il sito, in contrasto con i principi \u201c\u2026 di conservazione di mantenimento degli aspetti significativi o caratteristici di un paesaggio, giustificate dal suo valore di patrimonio derivante dalla sua configurazione naturale e\/o dal tipo d\u2019intervento umano\u2026\u201d stabiliti dalla \u201cConvenzione europea sul paesaggio\u201d, ratificata con legge 9 gennaio 2006, n.14, e da quelli sanciti dall\u2019art.9 della Costituzione Italiana, in base al quale \u201c La Repubblica \u2026 tutela il paesaggio e il patrimonio storico e artistico della nazione\u201d.<\/i><\/p>\n\n\n<div class=\"wp-block-image\">\n<figure class=\"alignleft is-resized\"><a href=\"http:\/\/www.maranovalpolicella.it\/valpolicella2000\/immagini\/2014\/02\/ciacalda-20.jpg\" data-lbwps-width=\"800\" data-lbwps-height=\"600\" data-lbwps-srcsmall=\"https:\/\/www.maranovalpolicella.it\/valpolicella2000\/immagini\/2014\/02\/ciacalda-20.jpg\"><img loading=\"lazy\" decoding=\"async\" width=\"800\" height=\"600\" src=\"http:\/\/www.maranovalpolicella.it\/valpolicella2000\/immagini\/2014\/02\/ciacalda-20.jpg\" alt=\"ciacalda-20\" class=\"wp-image-567\" style=\"width:450px;height:auto\" srcset=\"https:\/\/www.maranovalpolicella.it\/valpolicella2000\/immagini\/2014\/02\/ciacalda-20.jpg 800w, https:\/\/www.maranovalpolicella.it\/valpolicella2000\/immagini\/2014\/02\/ciacalda-20-300x225.jpg 300w, https:\/\/www.maranovalpolicella.it\/valpolicella2000\/immagini\/2014\/02\/ciacalda-20-400x300.jpg 400w\" sizes=\"auto, (max-width: 800px) 100vw, 800px\" \/><\/a><\/figure>\n<\/div>\n\n\n<p><i>&nbsp;<\/i><\/p>\n\n\n\n<p><b><i>Rio Baiaghe \u2013 la prima delle oltre 20 cascate<\/i><\/b><\/p>\n\n\n\n<p><i>Qualora realizzato, l\u2019intervento a breve, medio e lungo termine <b>determiner\u00e0 la definitiva e negativa alterazione dei tratti di rilevante interesse paesaggistico<\/b> che costituiscono oggetto del provvedimento di tutela, compromettendo l\u2019integrit\u00e0 dei luoghi. Ovvero la permanenza dei caratteri distintivi del sistema naturale e del sistema antropico storico-architettonico, e le particolari qualit\u00e0 sceniche e panoramiche dei luoghi; [\u2026]<\/i><\/p>\n\n\n\n<p><i>Il paesaggio originario scomparir\u00e0, venendosi di fatto a creare un nuovo assetto che comporter\u00e0 l\u2019appiattimento e la semplificazione morfologica della collina di Marezzane, mediante notevoli lavori di sbancamento che <b>abbasser\u00e0 di circa 70 metri la quota sommitale del rilievo collinar<\/b>e. <b>L\u2019ambito di intervento mostra un alto livello di vulnerabilit\u00e0 e fragilit\u00e0, cio\u00e8 condizioni di facile alterazione e distruzione dei caratteri connotativi a causa della sua integrit\u00e0<\/b> <\/i><\/p>\n\n\n\n<p>E ancora nella replica della Soprintendenza alle osservazioni presentate dalla Industria Cementi Giovanni Rossi viene ribadito che:<i><\/i><\/p>\n\n\n\n<p><i>Nel caso di Marezzane si ritiene che debbano essere preservate la sua integrit\u00e0, la sua conformazione geomorfologica e le sue caratteristiche naturalistiche e paesaggistiche. <b>Il ricorso alla modellazione e ricomposizione ambientale non appare sufficiente a giustificare un intervento estrattivo di cos\u00ec vaste portata<\/b> e la sostanziale alterazione geomorfologica del sito, che vedrebbe modificata sostanzialmente e irreversibilmente la sua attuale connotazione.<\/i><\/p>\n\n\n\n<figure class=\"wp-block-gallery alignleft has-nested-images columns-default is-cropped wp-block-gallery-12 is-layout-flex wp-block-gallery-is-layout-flex\">\n<figure class=\"wp-block-image size-large\"><a href=\"http:\/\/www.maranovalpolicella.it\/valpolicella2000\/immagini\/2014\/02\/orchidea0023.jpg\" data-lbwps-width=\"600\" data-lbwps-height=\"800\" data-lbwps-srcsmall=\"https:\/\/www.maranovalpolicella.it\/valpolicella2000\/immagini\/2014\/02\/orchidea0023.jpg\"><img loading=\"lazy\" decoding=\"async\" width=\"600\" height=\"800\" data-id=\"524\" src=\"https:\/\/www.maranovalpolicella.it\/valpolicella2000\/immagini\/2014\/02\/orchidea0023.jpg\" alt=\"orchidea0023\" class=\"wp-image-524\" srcset=\"https:\/\/www.maranovalpolicella.it\/valpolicella2000\/immagini\/2014\/02\/orchidea0023.jpg 600w, https:\/\/www.maranovalpolicella.it\/valpolicella2000\/immagini\/2014\/02\/orchidea0023-225x300.jpg 225w\" sizes=\"auto, (max-width: 600px) 100vw, 600px\" \/><\/a><\/figure>\n<\/figure>\n\n\n\n<p><\/p>\n\n\n\n<p><b><i>Mazzarino di Sopra &#8211; Coste prative e orchidee<\/i><\/b><\/p>\n\n\n\n<p>&nbsp;<\/p>\n\n\n\n<p>Non solo. Nella risposta alle osservazioni si ribadisce che:<\/p>\n\n\n\n<p><i>Sovrintendenza ha valutato attentamente e approfonditamente il progetto rilevando, in fase istruttoria, <b>l\u2019impossibilit\u00e0 di eliminare o attutire i riflessi negativi derivanti dall\u2019attivit\u00e0 estrattiva attraverso l\u2019imposizione di prescrizioni<\/b>. A tal proposito si precisa che le prescrizioni hanno ragione di essere imposte per correggere dettagli progettuali facilmente modificabili, senza che ci\u00f2 stravolga l\u2019impostazione generale del progetto<\/i>\u201d<\/p>\n\n\n\n<p><strong><span style=\"color: #993300;\">Il parere negativo \u00e8 vincolante.<\/span><\/strong><\/p>\n\n\n\n<p><span style=\"line-height: 1.4em;\">La Soprintendenza ribadisce che anche per gli altri interventi ed in particolare l\u2019ammodernamento e la realizzazione della tangenziale ovest \u201c<\/span><i style=\"line-height: 1.4em;\">sono da considerarsi funzionali gli uni agli altri e pertanto, necessariamente, tali da dover essere valutati unitariamente sotto il profilo dell\u2019impatto paesaggistico delle trasformazioni indotte nel contesto tutelato<\/i><span style=\"line-height: 1.4em;\">\u201d criticando quindi in modo netto l\u2019operazione di frammentazione progettuale messa in atto dall\u2019azienda<\/span><\/p>\n\n\n<div class=\"wp-block-image\">\n<figure class=\"alignleft is-resized\"><a href=\"http:\/\/www.maranovalpolicella.it\/valpolicella2000\/immagini\/2014\/02\/DSC_4189.jpg\" data-lbwps-width=\"800\" data-lbwps-height=\"601\" data-lbwps-srcsmall=\"https:\/\/www.maranovalpolicella.it\/valpolicella2000\/immagini\/2014\/02\/DSC_4189.jpg\"><img loading=\"lazy\" decoding=\"async\" width=\"800\" height=\"601\" src=\"http:\/\/www.maranovalpolicella.it\/valpolicella2000\/immagini\/2014\/02\/DSC_4189.jpg\" alt=\"DSC_4189\" class=\"wp-image-461\" style=\"aspect-ratio:1.3311317748616784;width:430px;height:auto\" srcset=\"https:\/\/www.maranovalpolicella.it\/valpolicella2000\/immagini\/2014\/02\/DSC_4189.jpg 800w, https:\/\/www.maranovalpolicella.it\/valpolicella2000\/immagini\/2014\/02\/DSC_4189-300x225.jpg 300w, https:\/\/www.maranovalpolicella.it\/valpolicella2000\/immagini\/2014\/02\/DSC_4189-399x300.jpg 399w\" sizes=\"auto, (max-width: 800px) 100vw, 800px\" \/><\/a><\/figure>\n<\/div>\n\n\n<p><\/p>\n\n\n\n<p><b><i>Marezzane scendendo strada di Molina \u2013 sullo sfondo al centro, Monte Castellon<\/i><\/b><\/p>\n\n\n\n<p>&nbsp;<\/p>\n\n\n\n<p><strong><span style=\"color: #993300;\">IL TEMPO DELLE ANOMALIE<\/span><\/strong><\/p>\n\n\n\n<p>Dopo oltre 17 mesi il <b>27.05.2013 la Direzione Regionale per i Beni culturali e paesaggistici <\/b>del Veneto esprime parere favorevole \u201c<i>sulla richiesta di pronuncia di valutazione di Impatto Ambientale \u2026 e ritiene adempiuta la verifica di compatibilit\u00e0 ambientale del progetto di ampliamento e recupero ambientale.<\/i>..\u201d<\/p>\n\n\n\n<p>Perch\u00e9 la procedura non si \u00e8 chiusa?<\/p>\n\n\n\n<p>Perch\u00e9 interviene la Direzione regionale?<\/p>\n\n\n\n<p>Ma la Soprintendenza di Verona smentisce se stessa?<\/p>\n\n\n\n<p>Insomma cosa \u00e8 successo.<\/p>\n\n\n<div class=\"wp-block-image\">\n<figure class=\"alignleft is-resized\"><a href=\"http:\/\/www.maranovalpolicella.it\/valpolicella2000\/immagini\/2014\/02\/auvril0140a.jpg\" data-lbwps-width=\"800\" data-lbwps-height=\"154\" data-lbwps-srcsmall=\"https:\/\/www.maranovalpolicella.it\/valpolicella2000\/immagini\/2014\/02\/auvril0140a.jpg\"><img loading=\"lazy\" decoding=\"async\" width=\"800\" height=\"154\" src=\"http:\/\/www.maranovalpolicella.it\/valpolicella2000\/immagini\/2014\/02\/auvril0140a.jpg\" alt=\"auvril0140a\" class=\"wp-image-414\" style=\"aspect-ratio:5.195251554550594;width:611px;height:auto\" srcset=\"https:\/\/www.maranovalpolicella.it\/valpolicella2000\/immagini\/2014\/02\/auvril0140a.jpg 800w, https:\/\/www.maranovalpolicella.it\/valpolicella2000\/immagini\/2014\/02\/auvril0140a-300x57.jpg 300w, https:\/\/www.maranovalpolicella.it\/valpolicella2000\/immagini\/2014\/02\/auvril0140a-500x96.jpg 500w\" sizes=\"auto, (max-width: 800px) 100vw, 800px\" \/><\/a><\/figure>\n<\/div>\n\n\n<p><\/p>\n\n\n\n<p><b><i>Marezzane -Coste prative di Mazzarino (vista dai sentieri di&nbsp; Ciacalda)<\/i><\/b><\/p>\n\n\n\n<p><span style=\"line-height: 1.4em;\">Nel parere della Direzione Regionale <\/span><b style=\"line-height: 1.4em;\">sparisce, dalla narrativa della ricostruzione procedurale, la memoria di tutti i pareri espressi in precedenza dalle Soprintendenze territoriali<\/b><span style=\"line-height: 1.4em;\">.<\/span><\/p>\n\n\n\n<p>L\u2019unico riferimento \u00e8 contenuto nel citare il parere della Soprintendenza per i beni architettonici e paesaggistici di Verona (prot.12230 del 6 maggio 2013) in cui si ricorda che <i><\/i><\/p>\n\n\n\n<p><i>In seguito al parere negativo&nbsp; del medesimo ufficio, di cui alla nota prot.34696 del 16<\/i> <i>dicembre 2011 \u201c il progetto \u00e8 stato rivisto e ridimensionato e si compone dei seguenti elementi\u201d<\/i><\/p>\n\n\n\n<p>Vengono richiamata una nuova nota&nbsp; dell&#8217;Industria Cementi Rossi acquisita dalla Direzione Regionale dei beni Culturali e Paesaggistici del Veneto il <b>14 dicembre 2012 <\/b>e<b> <\/b>ulteriore documentazione integrativa presentata in data <b>15 aprile 2013 <\/b>da Cementirossi a seguito di una richiesta del<b> 21 gennaio 2013<\/b> della Sovrintendenza per i beni paesaggistici e architettonici di Verona.<\/p>\n\n\n\n<figure class=\"wp-block-gallery alignleft has-nested-images columns-default is-cropped wp-block-gallery-13 is-layout-flex wp-block-gallery-is-layout-flex\">\n<figure class=\"wp-block-image size-large\"><a href=\"http:\/\/www.maranovalpolicella.it\/valpolicella2000\/immagini\/2014\/02\/giass0049.jpg\" data-lbwps-width=\"800\" data-lbwps-height=\"600\" data-lbwps-srcsmall=\"https:\/\/www.maranovalpolicella.it\/valpolicella2000\/immagini\/2014\/02\/giass0049.jpg\"><img loading=\"lazy\" decoding=\"async\" width=\"800\" height=\"600\" data-id=\"568\" src=\"https:\/\/www.maranovalpolicella.it\/valpolicella2000\/immagini\/2014\/02\/giass0049.jpg\" alt=\"giass0049\" class=\"wp-image-568\" srcset=\"https:\/\/www.maranovalpolicella.it\/valpolicella2000\/immagini\/2014\/02\/giass0049.jpg 800w, https:\/\/www.maranovalpolicella.it\/valpolicella2000\/immagini\/2014\/02\/giass0049-300x225.jpg 300w, https:\/\/www.maranovalpolicella.it\/valpolicella2000\/immagini\/2014\/02\/giass0049-400x300.jpg 400w\" sizes=\"auto, (max-width: 800px) 100vw, 800px\" \/><\/a><\/figure>\n<\/figure>\n\n\n\n<p><b style=\"line-height: 1.4em;\"><i>Cerna vista da Marezzane nord-ovest<\/i><\/b><\/p>\n\n\n\n<p>Si scopre &nbsp;che la <b>Sovrintendenza per i beni archeologici del Veneto<\/b>, con nota del <b>9 gennaio 2013 <\/b>non solo si esprime nuovamente ma richiede &nbsp;&nbsp;\u201c<i>che ogni intervento che preveda movimentazione del terreno sia effettuato con assistenza archeologica a cura di personale dotato di adeguata professionalit\u00e0\u201d. <\/i><\/p>\n\n\n\n<p>A differenza <i>di quanto \u201cdichiarato nella comunicazione del <b>4 novembre 2011<\/b>\u201d <\/i>l&#8217;area acquista interesse archeologico. Tale interesse in modo \u201csorprendente\u201d viene ricavato dalla <i>relazione preventiva del rischio archeologico<\/i>&nbsp; redatto dalla SAP Societ\u00e0 Archeologica su incarico della stessa Industria Cementi Giovanni Rossi.<\/p>\n\n\n<div class=\"wp-block-image\">\n<figure class=\"alignleft is-resized\"><a href=\"http:\/\/www.maranovalpolicella.it\/valpolicella2000\/immagini\/2014\/02\/DSC_5322.jpg\" data-lbwps-width=\"800\" data-lbwps-height=\"536\" data-lbwps-srcsmall=\"https:\/\/www.maranovalpolicella.it\/valpolicella2000\/immagini\/2014\/02\/DSC_5322.jpg\"><img loading=\"lazy\" decoding=\"async\" width=\"800\" height=\"536\" src=\"http:\/\/www.maranovalpolicella.it\/valpolicella2000\/immagini\/2014\/02\/DSC_5322.jpg\" alt=\"DSC_5322\" class=\"wp-image-469\" style=\"aspect-ratio:1.4925780361841037;width:462px;height:auto\" srcset=\"https:\/\/www.maranovalpolicella.it\/valpolicella2000\/immagini\/2014\/02\/DSC_5322.jpg 800w, https:\/\/www.maranovalpolicella.it\/valpolicella2000\/immagini\/2014\/02\/DSC_5322-300x201.jpg 300w, https:\/\/www.maranovalpolicella.it\/valpolicella2000\/immagini\/2014\/02\/DSC_5322-447x300.jpg 447w\" sizes=\"auto, (max-width: 800px) 100vw, 800px\" \/><\/a><\/figure>\n<\/div>\n\n\n<p><b><i><br>\nLocalit\u00e0 Girotto visto da Marezzane nord (sullo sfondo campanile di Cerna)<\/i><\/b><\/p>\n\n\n\n<p><span style=\"line-height: 1.4em; color: #993300;\">Proviamo a ricostruire cosa \u00e8 successo.<\/span><\/p>\n\n\n\n<p>Il <b>15 dicembre 2011 <\/b>&nbsp;l&#8217;Industria Cementi Rossi invia una raccomandata per richiedere la \u201c<b><i>sospensione del procedimento<\/i><\/b><i> e dell&#8217;autorizzazione relativa al progetto[&#8230;] onde consentirci di predisporre integrazioni migliorative dello stesso progetto relativamente agli aspetti paesaggistici<\/i>\u201d.<\/p>\n\n\n\n<p>&nbsp;<\/p>\n\n\n\n<p>Nel frattempo tra la <b>fine 2011 e inizio 2012<\/b> i presidenti dell\u2019Associazione Valpolicella 2000 e del Comitato Fumane Futura subiscono entrambi danneggiamenti ai propri mezzi parcheggianti dentro casa e uno delle cantine, che avevano presentato ricorso, subisce il taglio di alcune vigne.<\/p>\n\n\n\n<p><span style=\"line-height: 1.4em;\">La vicenda ha una qualche rilevanza nel risvolti della situazione perch\u00e9 malgrado <\/span><b style=\"line-height: 1.4em;\">la solidariet\u00e0<\/b><span style=\"line-height: 1.4em;\"> formalizzata dal <\/span><b style=\"line-height: 1.4em;\">Consiglio Provinciale<\/b><span style=\"line-height: 1.4em;\"> (con un solo astenuto) e quella espressa dal comune di Fumane,<\/span><b style=\"line-height: 1.4em;\"> il Prefetto<\/b><span style=\"line-height: 1.4em;\"> non ha mai non solo ricevuto ma nemmeno espresso un segno di solidariet\u00e0 ai danneggiati malgrado la richiesta di un suo intervento sia stato richiesta da un cartello di associazioni e sollecitato e auspicato dallo stesso Consiglio Provinciale.<\/span><\/p>\n\n\n\n<p><span style=\"line-height: 1.4em;\">L&#8217;<\/span><b style=\"line-height: 1.4em;\">8 febbraio 2012 la Cementirossi presenta&nbsp;&nbsp; ricorso al TAR<\/b><span style=\"line-height: 1.4em;\"> contro il parere espresso dalla Soprintendenza.<\/span><\/p>\n\n\n\n<p><span style=\"line-height: 1.4em;\">Il <\/span><b style=\"line-height: 1.4em;\">9 febbraio 2012<\/b><span style=\"line-height: 1.4em;\"> \u00e8 lo stesso <\/span><b style=\"line-height: 1.4em;\">Prefetto<\/b><span style=\"line-height: 1.4em;\"> che presiede &nbsp;una riunione&nbsp; presso la Prefettura di Verona con la presenza , della Sovrintendente di Verona e dell&#8217;Industria Cementi Giovanni Rossi&nbsp; \u201c<\/span><i style=\"line-height: 1.4em;\">per scongiurare il rischio di chiusura dell&#8217;attivit\u00e0 produttiva del cementificio di Fumane dovuta alla carenza di minerale a seguito del parre della Sovrintendente<\/i><span style=\"line-height: 1.4em;\">\u201d. Motivazione riportata sia sui giornali e ripresa pari pari anche nella nota della Industria Cementi Rossi del 6 novembre 2012.<\/span><\/p>\n\n\n\n<p>Motivazione assolutamente infondata. La cementeria non ha per i prossimi 10 anni alcun problema di rifornimento di materiale di cava. La crisi dell\u2019edilizia e il crollo del mercato del cemento sono la causa della crisi del settore che per altro paradossalmente allunga la vita delle attuali cave in quanto c\u2019\u00e8 meno necessit\u00e0 di estrazione di calcari e marne. Ma tant\u2019\u00e8.<\/p>\n\n\n\n<figure class=\"wp-block-gallery alignleft has-nested-images columns-default is-cropped wp-block-gallery-14 is-layout-flex wp-block-gallery-is-layout-flex\">\n<figure class=\"wp-block-image size-large\"><a href=\"http:\/\/www.maranovalpolicella.it\/valpolicella2000\/immagini\/2014\/02\/giass0013.jpg\" data-lbwps-width=\"800\" data-lbwps-height=\"600\" data-lbwps-srcsmall=\"https:\/\/www.maranovalpolicella.it\/valpolicella2000\/immagini\/2014\/02\/giass0013.jpg\"><img loading=\"lazy\" decoding=\"async\" width=\"800\" height=\"600\" data-id=\"487\" src=\"https:\/\/www.maranovalpolicella.it\/valpolicella2000\/immagini\/2014\/02\/giass0013.jpg\" alt=\"giass0013\" class=\"wp-image-487\" srcset=\"https:\/\/www.maranovalpolicella.it\/valpolicella2000\/immagini\/2014\/02\/giass0013.jpg 800w, https:\/\/www.maranovalpolicella.it\/valpolicella2000\/immagini\/2014\/02\/giass0013-300x225.jpg 300w, https:\/\/www.maranovalpolicella.it\/valpolicella2000\/immagini\/2014\/02\/giass0013-400x300.jpg 400w\" sizes=\"auto, (max-width: 800px) 100vw, 800px\" \/><\/a><\/figure>\n<\/figure>\n\n\n\n<p>L\u2019azione del Prefetto da l\u2019avvio a tutta una serie di anomalie procedurali.<\/p>\n\n\n\n<p>La Cementirossi e la Sovrintendenza si incontrano&nbsp; sia il <b>15.02.2012<\/b> e il <b>14.03.2012<\/b> \u201c<i>che hanno provato ad elaborare delle varianti in miglioramento del progetto che tenessero conto delle osservazioni espresse dalla Sovrintendenza&nbsp; nel parere<\/i>\u201d . Il parere diventa&nbsp; un&#8217;insieme di osservazioni.<\/p>\n\n\n\n<p><b><i>Mazzarino di sopra &#8211; particolari<\/i><\/b><\/p>\n\n\n\n<p>Pochi giorni dopo il <b>22.02.2012 <\/b>la Cementi Rossi ufficializza la decisione \u201c<b><i>di rinunciare al progetto di&nbsp;<\/i><\/b><\/p>\n\n\n\n<figure class=\"wp-block-gallery alignleft has-nested-images columns-default is-cropped wp-block-gallery-15 is-layout-flex wp-block-gallery-is-layout-flex\"><\/figure>\n\n\n\n<p><\/p>\n\n\n\n<p><b><i>ammodernamento del cementificio di Fumane<\/i><\/b>\u201d. E il progetto presentato nel maggio 2008 e che dopo pochi giorni, il 1 marzo 2012 verr\u00e0 completamente bocciato da una sentenza del Consiglio di Stato.<\/p>\n\n\n\n<figure class=\"wp-block-image size-large is-resized\"><a href=\"http:\/\/www.maranovalpolicella.it\/valpolicella2000\/immagini\/2014\/02\/Clip_2.jpg\" data-lbwps-width=\"1035\" data-lbwps-height=\"1763\" data-lbwps-srcsmall=\"https:\/\/www.maranovalpolicella.it\/valpolicella2000\/immagini\/2014\/02\/Clip_2.jpg\"><img loading=\"lazy\" decoding=\"async\" width=\"601\" height=\"1024\" src=\"https:\/\/www.maranovalpolicella.it\/valpolicella2000\/immagini\/2014\/02\/Clip_2-601x1024.jpg\" alt=\"Clip_2\" class=\"wp-image-570\" style=\"width:222px;height:auto\" srcset=\"https:\/\/www.maranovalpolicella.it\/valpolicella2000\/immagini\/2014\/02\/Clip_2-601x1024.jpg 601w, https:\/\/www.maranovalpolicella.it\/valpolicella2000\/immagini\/2014\/02\/Clip_2-176x300.jpg 176w, https:\/\/www.maranovalpolicella.it\/valpolicella2000\/immagini\/2014\/02\/Clip_2.jpg 1035w\" sizes=\"auto, (max-width: 601px) 100vw, 601px\" \/><\/a><\/figure>\n\n\n\n<p><strong>Il 23 .03.2012<\/strong> Cementirossi sollecita alla Regione la richiesta di sospensione del procedimento come richiesto il 15.12.2011 <b>&nbsp;<\/b>(prot. Regione 30.03.2012)<\/p>\n\n\n\n<p><span style=\"line-height: 1.4em;\">il <\/span><b style=\"line-height: 1.4em;\">4 aprile 2012<\/b><span style=\"line-height: 1.4em;\"> vien sottoposta alla Soprintendenza una proposta di variante.<\/span><\/p>\n\n\n\n<p><span style=\"line-height: 1.4em;\">Nel frattempo la sospensione che viene concessa (non abbiamo l&#8217;atto) malgrado nel parere della Soprintendenza esplicitamente si fa riferimento alla migliorabilit\u00e0 del progetto.<\/span><\/p>\n\n\n\n<p><span style=\"line-height: 1.4em;\">Il <\/span><b style=\"line-height: 1.4em;\">1 ottobre 2012<\/b><span style=\"line-height: 1.4em;\"> viene effettuato dalla Soprintendete un nuovo sopralluogo al cantiere di Marezzane.<\/span><\/p>\n\n\n\n<p><span style=\"line-height: 1.4em;\">Il <\/span><b style=\"line-height: 1.4em;\">6 novembre 2012 <\/b><span style=\"line-height: 1.4em;\">(registrato in Regione 8.11.2012) viene presentata all&#8217;Unit\u00e0 VIA&nbsp; \u201c<\/span><i style=\"line-height: 1.4em;\">la variante non&nbsp;<\/i><\/p>\n\n\n<div class=\"wp-block-image\">\n<figure class=\"alignright\"><a href=\"http:\/\/www.maranovalpolicella.it\/valpolicella2000\/immagini\/2014\/02\/Clip_3.jpg\" data-lbwps-width=\"1015\" data-lbwps-height=\"1726\" data-lbwps-srcsmall=\"https:\/\/www.maranovalpolicella.it\/valpolicella2000\/immagini\/2014\/02\/Clip_3.jpg\"><img loading=\"lazy\" decoding=\"async\" width=\"1015\" height=\"1726\" src=\"http:\/\/www.valpolicella2000.it\/a\/immagini\/2014\/02\/Clip_3.jpg\" alt=\"Clip_3\" class=\"wp-image-571\" srcset=\"https:\/\/www.maranovalpolicella.it\/valpolicella2000\/immagini\/2014\/02\/Clip_3.jpg 1015w, https:\/\/www.maranovalpolicella.it\/valpolicella2000\/immagini\/2014\/02\/Clip_3-176x300.jpg 176w, https:\/\/www.maranovalpolicella.it\/valpolicella2000\/immagini\/2014\/02\/Clip_3-602x1024.jpg 602w\" sizes=\"auto, (max-width: 1015px) 100vw, 1015px\" \/><\/a><\/figure>\n<\/div>\n\n\n<p><\/p>\n\n\n\n<p><i style=\"line-height: 1.4em;\">sostanziale che non modifica il progetto del cantiere Marezzane&nbsp; ma interviene solo sulla viabilit\u00e0 predisposta al fine di superare il parere precedentemente espresso dalla competente Soprintendenza<\/i><span style=\"line-height: 1.4em;\">\u201d.<\/span><\/p>\n\n\n\n<p>&nbsp;<\/p>\n\n\n\n<p><b style=\"line-height: 1.4em;\">IL 23 Novembre&nbsp; 2012<\/b><span style=\"line-height: 1.4em;\"> &nbsp;viene depositata la sentenza del &nbsp;Tar del Veneto con cui si respinge il ricorso &nbsp;<\/span><span style=\"line-height: 1.4em;\">presentato dall\u2019Industria Cementi Rossi contro il parere della Soprintendenza e viene condannata l\u2019azienda al pagamento delle spese procedurali<\/span><\/p>\n\n\n\n<figure class=\"wp-block-gallery alignleft has-nested-images columns-default is-cropped wp-block-gallery-16 is-layout-flex wp-block-gallery-is-layout-flex\"><\/figure>\n\n\n\n<p><\/p>\n\n\n\n<p><span style=\"line-height: 1.4em;\">Il <\/span><b style=\"line-height: 1.4em;\">12.12.2012<\/b><span style=\"line-height: 1.4em;\"> viene convocata per il 19.12.2012 la commissione VIA.<\/span><\/p>\n\n\n\n<p><span style=\"line-height: 1.4em;\">.<\/span><span style=\"line-height: 1.4em;\">Il <\/span><b style=\"line-height: 1.4em;\">17.12.2012<\/b><span style=\"line-height: 1.4em;\"> nota alla regione in cui la Cementi Rossi comunica di aver trasmesso la documentazione alle Sovrintendenze (Regionale, Verona e archeologica di Padova)<\/span><\/p>\n\n\n\n<p>Nella seduta del&nbsp;<b>19.12.2012<\/b>&nbsp;viene esaminata la nuova istanza<br>\nL&#8217;oggetto non \u00e8 pi\u00f9 solo: <i>INDUSTRIA CEMENTI GIOBANNI ROSSI SPA \u2013 Progetto di coltivazione mineraria Cantiere Marezzane&nbsp; e rinnovo concessione mineraria \u201cMonte Noroni\u201d &#8211; comune di localizzazione: Marano di Valpolicella (VR) \u2013 Comune interessato: Fumane&nbsp;<\/i><\/p>\n\n\n\n<figure class=\"wp-block-image size-large is-resized\"><a href=\"http:\/\/www.maranovalpolicella.it\/valpolicella2000\/immagini\/2014\/02\/Clip_5.jpg\" data-lbwps-width=\"671\" data-lbwps-height=\"1110\" data-lbwps-srcsmall=\"https:\/\/www.maranovalpolicella.it\/valpolicella2000\/immagini\/2014\/02\/Clip_5.jpg\"><img loading=\"lazy\" decoding=\"async\" width=\"619\" height=\"1024\" src=\"https:\/\/www.maranovalpolicella.it\/valpolicella2000\/immagini\/2014\/02\/Clip_5-619x1024.jpg\" alt=\"Clip_5\" class=\"wp-image-569\" style=\"width:235px;height:auto\" srcset=\"https:\/\/www.maranovalpolicella.it\/valpolicella2000\/immagini\/2014\/02\/Clip_5-619x1024.jpg 619w, https:\/\/www.maranovalpolicella.it\/valpolicella2000\/immagini\/2014\/02\/Clip_5-181x300.jpg 181w, https:\/\/www.maranovalpolicella.it\/valpolicella2000\/immagini\/2014\/02\/Clip_5.jpg 671w\" sizes=\"auto, (max-width: 619px) 100vw, 619px\" \/><\/a><\/figure>\n\n\n\n<figure class=\"wp-block-image size-large is-resized\"><a href=\"http:\/\/www.maranovalpolicella.it\/valpolicella2000\/immagini\/2014\/02\/Clip_4.jpg\" data-lbwps-width=\"342\" data-lbwps-height=\"686\" data-lbwps-srcsmall=\"https:\/\/www.maranovalpolicella.it\/valpolicella2000\/immagini\/2014\/02\/Clip_4.jpg\"><img loading=\"lazy\" decoding=\"async\" width=\"342\" height=\"686\" src=\"https:\/\/www.maranovalpolicella.it\/valpolicella2000\/immagini\/2014\/02\/Clip_4.jpg\" alt=\"Clip_4\" class=\"wp-image-572\" style=\"aspect-ratio:0.4985464706048376;width:188px;height:auto\" srcset=\"https:\/\/www.maranovalpolicella.it\/valpolicella2000\/immagini\/2014\/02\/Clip_4.jpg 342w, https:\/\/www.maranovalpolicella.it\/valpolicella2000\/immagini\/2014\/02\/Clip_4-149x300.jpg 149w\" sizes=\"auto, (max-width: 342px) 100vw, 342px\" \/><\/a><\/figure>\n\n\n\n<p>&nbsp;<\/p>\n\n\n\n<p>&nbsp;<\/p>\n\n\n\n<p>&nbsp;<\/p>\n\n\n\n<p><span style=\"line-height: 1.4em;\">il <\/span><b style=\"line-height: 1.4em;\">19.12.2012<\/b><span style=\"line-height: 1.4em;\"> l&#8217;unit\u00e0 complessa VIA richiede alle Soprintendenze il rilascio del parere di compatibilit\u00e0 ambientale e il rilascio della autorizzazione paesaggistica sulla \u201c<\/span><i style=\"line-height: 1.4em;\">variante relativa alla viabilit\u00e0 <\/i><span style=\"line-height: 1.4em;\">ect&#8230;\u201d<\/span><i>(VR) \u2013 Domanda di valutazione&nbsp; d&#8217;impatto Ambientale ex D.Lgs n.152\/2006. Artt.26 e 45 \u2013 (Prog.103\/2007) <\/i>&nbsp;ma riporta<\/p>\n\n\n\n<p>una aggiunta \u201c<i>l&#8217;istanza di valutazione della variante relativa alla viabilit\u00e0 di accesso al Cantiere Marezzane e all&#8217;adozione di una nuova tecnologia di <\/i><i>trasporto del minerale. Presentata&nbsp; in data 06.11.2012, con prot. 506504\/63.01.07 e.410.01.1<\/i><\/p>\n\n\n\n<p><span style=\"line-height: 1.4em;\">In tutta la nuova istanza l\u2019Industria Cementi Rossi ci tiene a precisare che tutte le varianti riguardano la viabilit\u00e0 del cantiere \u201c<\/span><b style=\"line-height: 1.4em;\">mentre per il cantiere di Marezzane vero e proprio non sono previste modifiche<\/b><span style=\"line-height: 1.4em;\">\u201d. (nota del 6.11.2012) In sostanza il progetto vero e proprio su cui si \u00e8 espressa in modo inequivocabile la Sovrintendenza veronese nel dicembre 2011, non \u00e8 stato in alcun modo modificato riconfermando quindi la negativit\u00e0 del parere stesso.<\/span><\/p>\n\n\n<div class=\"wp-block-image\">\n<figure class=\"alignleft is-resized\"><a href=\"http:\/\/www.maranovalpolicella.it\/valpolicella2000\/immagini\/2014\/02\/panoramica07.jpg\" data-lbwps-width=\"800\" data-lbwps-height=\"65\" data-lbwps-srcsmall=\"https:\/\/www.maranovalpolicella.it\/valpolicella2000\/immagini\/2014\/02\/panoramica07.jpg\"><img loading=\"lazy\" decoding=\"async\" width=\"800\" height=\"65\" src=\"http:\/\/www.maranovalpolicella.it\/valpolicella2000\/immagini\/2014\/02\/panoramica07.jpg\" alt=\"panoramica07\" class=\"wp-image-534\" style=\"aspect-ratio:12.309670506295205;width:719px;height:auto\" srcset=\"https:\/\/www.maranovalpolicella.it\/valpolicella2000\/immagini\/2014\/02\/panoramica07.jpg 800w, https:\/\/www.maranovalpolicella.it\/valpolicella2000\/immagini\/2014\/02\/panoramica07-300x24.jpg 300w, https:\/\/www.maranovalpolicella.it\/valpolicella2000\/immagini\/2014\/02\/panoramica07-500x40.jpg 500w\" sizes=\"auto, (max-width: 800px) 100vw, 800px\" \/><\/a><\/figure>\n<\/div>\n\n\n<p><span style=\"line-height: 1.4em;\"><\/span><\/p>\n\n\n\n<p><b><i>Inquadramento paesaggistico- da ovest zona Manune &#8211; a destra collina Marezzane<\/i><\/b><\/p>\n\n\n\n<p>Non \u00e8 un caso che l\u2019oggetto di quanto sottoposto a valutazione \u00e8 solamente la <b>viabilit\u00e0<\/b>.<\/p>\n\n\n\n<p><span style=\"line-height: 1.4em;\">La Soprintendenza di Verona non ritiene sufficiente la documentazione presentata e chiede integrazioni.<\/span><\/p>\n\n\n\n<p>il <b>21.02 2013<\/b> Unit\u00e0 complessa VIA richiede alla Cementirossi le integrazioni richieste dalla Soprintendenza paesaggistica di Verona.<\/p>\n\n\n\n<p><span style=\"line-height: 1.4em;\">Il <\/span><b style=\"line-height: 1.4em;\">15.04.2013<\/b><span style=\"line-height: 1.4em;\"> Cementi Rossi fa pervenire&nbsp; le integrazioni richieste.<\/span><\/p>\n\n\n\n<p>All\u2019interno della documentazione presentata dall\u2019azienda vi sono delle grossolane deformazioni.<a title=\"\" href=\"file:\/\/\/H:\/Documents%20and%20Settings\/Administrator\/Impostazioni%20locali\/Temporary%20Internet%20Files\/Content.IE5\/G56D20SW\/SCHEDA%20illustrato.doc#_ftn8\">[8]<\/a><\/p>\n\n\n\n<p>Il <b>06.05.2013 <\/b>la Soprintendenza per i beni architettonici e paesaggistici di Verona fa avere alla direzione Regionale per i beni culturali e paesaggistici del veneto il proprio parere positivo.<\/p>\n\n\n<div class=\"wp-block-image\">\n<figure class=\"alignleft is-resized\"><a href=\"http:\/\/www.maranovalpolicella.it\/valpolicella2000\/immagini\/2014\/02\/panoramica2.jpg\" data-lbwps-width=\"800\" data-lbwps-height=\"300\" data-lbwps-srcsmall=\"https:\/\/www.maranovalpolicella.it\/valpolicella2000\/immagini\/2014\/02\/panoramica2.jpg\"><img loading=\"lazy\" decoding=\"async\" width=\"800\" height=\"300\" src=\"http:\/\/www.maranovalpolicella.it\/valpolicella2000\/immagini\/2014\/02\/panoramica2.jpg\" alt=\"panoramica2\" class=\"wp-image-527\" style=\"width:712px;height:auto\" srcset=\"https:\/\/www.maranovalpolicella.it\/valpolicella2000\/immagini\/2014\/02\/panoramica2.jpg 800w, https:\/\/www.maranovalpolicella.it\/valpolicella2000\/immagini\/2014\/02\/panoramica2-300x112.jpg 300w, https:\/\/www.maranovalpolicella.it\/valpolicella2000\/immagini\/2014\/02\/panoramica2-500x187.jpg 500w\" sizes=\"auto, (max-width: 800px) 100vw, 800px\" \/><\/a><\/figure>\n<\/div>\n\n\n<p><b><i><br>\nTramonto scendendo da&nbsp; Molina \u2013 (Marezzane sulla destra)<\/i><\/b><\/p>\n\n\n\n<p>&nbsp;<strong><span style=\"color: #993300;\">RIASSUNTO ANOMALIE<\/span><\/strong><\/p>\n\n\n\n<p>Le anomalie sono dunque molteplici. Proviamo a sintetizzarne alcune:<\/p>\n\n\n\n<ol start=\"1\" class=\"wp-block-list\">\n<li>Non si \u00e8 chiusa l\u2019istruttoria dopo il parere negativo della Soprintendenza.<\/li>\n\n\n\n<li>Si \u00e8 accolta la richiesta della sospensiva presentata dall\u2019azienda.<\/li>\n\n\n\n<li>Il ruolo del Prefetto di Verona. Partendo pi\u00f9 da un assunto &nbsp;di infondata emergenzialit\u00e0 (la mancanza di marne e la correlazione di questo con la possibile chiusura della azienda) \u00e8 intervenuta alterando le prassi e le procedure previste dalla normative influenzando direttamente sia l\u2019accoglimento della sospensiva&nbsp; sia l\u2019apertura di incontri presso la soprintendenza.<\/li>\n\n\n\n<li>La Commissione VIA regionale viene scavalcata per dare vita ad una trattativa in&nbsp; partner-ship tra Cementirossi e Soprintendenza di Verona facendo venir meno il ruolo di terziet\u00e0 della Soprintendenza stessa.<\/li>\n\n\n\n<li>Il tavolo di trattativa viene attivato&nbsp; in pendenza di un ricorso al Tar &nbsp;presentato da Cementirossi contro il parere stesso espresso dalla Soprintendenza.<\/li>\n\n\n\n<li>L\u2019intervento della Soprintendenza di Venezia viene giustificato dal parere espresso dalla Soprintendenza archeologica di Verona &nbsp;che ha segnalato un interesse archeologico dell\u2019area, precedentemente negato.<\/li>\n\n\n\n<li>Il mancato riferimento al parere espresso nel dicembre 2011 dalla Soprintendenza per i beni architettonici e paesaggistici &nbsp;di Verona e l\u2019assoluta mancata giustificazione di un suo ipotetico superamento.<\/li>\n\n\n\n<li>il nuovo parere della Soprintendenza veneziana&nbsp; si riferisce al solo cantiere viabilit\u00e0 in quanto <b>per il cantiere di Marezzane vero e proprio non sono previste modifiche.<\/b><\/li>\n<\/ol>\n\n\n\n<p><b>E su quel progetto, non considerato migliorabile, il parere della Sovrintendenza di Verona era stato categoricamente negativo.<\/b><\/p>\n\n\n<div class=\"wp-block-image\">\n<figure class=\"alignleft is-resized\"><a href=\"http:\/\/www.maranovalpolicella.it\/valpolicella2000\/immagini\/2014\/02\/gennaio0021.jpg\" data-lbwps-width=\"800\" data-lbwps-height=\"600\" data-lbwps-srcsmall=\"https:\/\/www.maranovalpolicella.it\/valpolicella2000\/immagini\/2014\/02\/gennaio0021.jpg\"><img loading=\"lazy\" decoding=\"async\" width=\"800\" height=\"600\" src=\"http:\/\/www.maranovalpolicella.it\/valpolicella2000\/immagini\/2014\/02\/gennaio0021.jpg\" alt=\"gennaio0021\" class=\"wp-image-482\" style=\"width:404px;height:auto\" srcset=\"https:\/\/www.maranovalpolicella.it\/valpolicella2000\/immagini\/2014\/02\/gennaio0021.jpg 800w, https:\/\/www.maranovalpolicella.it\/valpolicella2000\/immagini\/2014\/02\/gennaio0021-300x225.jpg 300w, https:\/\/www.maranovalpolicella.it\/valpolicella2000\/immagini\/2014\/02\/gennaio0021-400x300.jpg 400w\" sizes=\"auto, (max-width: 800px) 100vw, 800px\" \/><\/a><\/figure>\n<\/div>\n\n\n<p><br>\nPurtroppo quella che dovrebbe essere &nbsp;una vicenda ampiamente conclusa, con il parere inequivocabile espresso dalla Sovrintendenza nel dicembre 2011, a seguito di \u201canomale\u201d interferenze extraprocedurali si ritrova nuovamente attivata.<\/p>\n\n\n\n<figure class=\"wp-block-gallery alignleft has-nested-images columns-default is-cropped wp-block-gallery-17 is-layout-flex wp-block-gallery-is-layout-flex\">\n<figure class=\"wp-block-image size-large\"><a href=\"http:\/\/www.maranovalpolicella.it\/valpolicella2000\/immagini\/2014\/02\/Clip_6.jpg\" data-lbwps-width=\"1016\" data-lbwps-height=\"861\" data-lbwps-srcsmall=\"https:\/\/www.maranovalpolicella.it\/valpolicella2000\/immagini\/2014\/02\/Clip_6.jpg\"><img loading=\"lazy\" decoding=\"async\" width=\"1016\" height=\"861\" data-id=\"573\" src=\"https:\/\/www.maranovalpolicella.it\/valpolicella2000\/immagini\/2014\/02\/Clip_6.jpg\" alt=\"Clip_6\" class=\"wp-image-573\" srcset=\"https:\/\/www.maranovalpolicella.it\/valpolicella2000\/immagini\/2014\/02\/Clip_6.jpg 1016w, https:\/\/www.maranovalpolicella.it\/valpolicella2000\/immagini\/2014\/02\/Clip_6-300x254.jpg 300w, https:\/\/www.maranovalpolicella.it\/valpolicella2000\/immagini\/2014\/02\/Clip_6-354x300.jpg 354w\" sizes=\"auto, (max-width: 1016px) 100vw, 1016px\" \/><\/a><\/figure>\n<\/figure>\n\n\n\n<p>Peraltro l\u2019apertura di nuovi cantieri, come quello di Marezzane, si giustificherebbe solo con il contemporaneo ammodernamento dell\u2019impianto obsoleto e con il relativo incremento di produzione.<\/p>\n\n\n\n<p>Invece l\u2019azienda ha rinunciato ai progetti di ammodernamento e di ampliamento della produzione e, <b>a causa della caduta del mercato<\/b>, ha pi\u00f9 che dimezzato la produzione, ridotto il personale, lavorando per tutto il 2013 con un solo forno.<\/p>\n\n\n\n<p>Dal 20 dicembre 2013 anche l\u2019ultimo forno, dopo il lungo periodo di stop estivo, &nbsp;\u00e8 stato nuovamente fermato per un ulteriore mese e&nbsp; mezzo.<\/p>\n\n\n\n<p>Voci sindacali raccontano che entro l\u2019anno partiranno le procedure di cassa integrazione per il personale.<\/p>\n\n\n\n<p><span style=\"line-height: 1.4em;\">Nel frattempo il <\/span><b style=\"line-height: 1.4em;\">9.12.2013<\/b><span style=\"line-height: 1.4em;\"> l\u2019industria Cementi Giovanni Rossi annuncia che, per rispettare i parametri di<\/span><b style=\"line-height: 1.4em;\"> emissioni di NOx <\/b><span style=\"line-height: 1.4em;\">previsti dalle autorizzazioni provinciali e rientrare nei limiti, sar\u00e0 costretta ad <\/span><b style=\"line-height: 1.4em;\">iniettare urea solida<\/b><span style=\"line-height: 1.4em;\"> vale a dire<\/span><b style=\"line-height: 1.4em;\"> ammoniaca<\/b><span style=\"line-height: 1.4em;\">.<\/span><\/p>\n\n\n\n<p>E cos\u00ec <b>la frattura&nbsp; tra la prestigiosa terra dell\u2019amarone e del recioto e il cementificio&nbsp; si acuisce sempre pi\u00f9<\/b>.<\/p>\n\n\n\n<p>&nbsp;<\/p>\n\n\n\n<p>La procedura che riguarda il futuro di Marezzane (e non solo) ora \u00e8 nuovamente ferma in commissione VIA regionale che nel frattempo ha avuto un parziale rinnovo delle sue componenti e le dimissioni del suo presidente.<\/p>\n\n\n\n<figure class=\"wp-block-table\"><table class=\"has-fixed-layout\"><tbody><tr><td>&nbsp;<figure><img loading=\"lazy\" decoding=\"async\" class=\"alignnone\" src=\"https:\/\/encrypted-tbn0.gstatic.com\/images?q=tbn:ANd9GcRZ5kwjzK216HaXmQwaVWhJ3InvTq8xtn_0LHwevWsFpifoN4a67w\" alt=\"\" width=\"280\" height=\"164\"><\/figure><\/td><td><\/td><td>&nbsp;<figure><img loading=\"lazy\" decoding=\"async\" class=\"alignnone\" src=\"https:\/\/encrypted-tbn1.gstatic.com\/images?q=tbn:ANd9GcRILhov37hPUeFPz7JDDzg0hpJlv4LRVysg4VCberSSPZsjorWCQw\" alt=\"\" width=\"192\" height=\"144\"><\/figure><\/td><\/tr><\/tbody><\/table><\/figure>\n\n\n\n<p>Associazione Comitato Fumane Futura \u2013 Ca\u2019 Cornocchio, 2 \u2013 Fumane (VR)<\/p>\n\n\n\n<p>Associazione Valpolicella 2000 \u2013 via la Torre, 13 \u2013 Marano Valpolicella (VR)<\/p>\n\n\n\n<div><\/div>\n\n\n\n<hr class=\"wp-block-separator has-alpha-channel-opacity\"\/>\n\n\n\n<div>\n<p><a title=\"\" href=\"file:\/\/\/H:\/Documents%20and%20Settings\/Administrator\/Impostazioni%20locali\/Temporary%20Internet%20Files\/Content.IE5\/G56D20SW\/SCHEDA%20illustrato.doc#_ftnref1\">[1]<\/a>&nbsp;&nbsp;&nbsp;&nbsp;&nbsp;&nbsp;&nbsp;&nbsp;&nbsp; \u201cle amministrazioni Comunali di Marano di Valpolicella e di Fumane si impegnano a confermare il parere favorevole, gi\u00e0 espresso nelle delibere citate [Delibera di Consiglio di Marano&nbsp; n.48 del 30.11.1998 e di Fumane n.77 del 24.11.1998], anche in sede di conferenza di servizi e nelle altre eventuali sedi istituzionali ed a mantenere tale atteggiamento anche successivamente al rinnovo della concessione Mineraria non intraprendendo azioni o provvedimenti ostativi della normale attivit\u00e0 esercitata da Cementi Rossi\u201d<\/p>\n<p>&nbsp;<\/p>\n<\/div>\n\n\n\n<div>\n<p><a title=\"\" href=\"file:\/\/\/H:\/Documents%20and%20Settings\/Administrator\/Impostazioni%20locali\/Temporary%20Internet%20Files\/Content.IE5\/G56D20SW\/SCHEDA%20illustrato.doc#_ftnref2\">[2]<\/a>Nel Parco \u00e8 vietato evidentemente qualunque attivit\u00e0 di scavo. Ma il terzo comma dell\u2019articolo 9 recita \u201csalvo le concessioni minerarie gi\u00e0 in essere\u201d. In realt\u00e0 nessuna attivit\u00e0 di scavo \u00e8 in essere all\u2019interno del Parco.<\/p>\n<\/div>\n\n\n\n<div>\n<p><a title=\"\" href=\"file:\/\/\/H:\/Documents%20and%20Settings\/Administrator\/Impostazioni%20locali\/Temporary%20Internet%20Files\/Content.IE5\/G56D20SW\/SCHEDA%20illustrato.doc#_ftnref3\">[3]<\/a>In quella circostanza l\u2019Associazione evidenzia come&nbsp; il Servizio Forestale della Regione Veneto rilasciava in provincia di Verona pareri su tutti i&nbsp; vincoli idrogeologici avendo come riferimento una non aggiornata&nbsp; carta geologica (anni \u201920).<\/p>\n<\/div>\n\n\n\n<div>\n<p><a title=\"\" href=\"file:\/\/\/H:\/Documents%20and%20Settings\/Administrator\/Impostazioni%20locali\/Temporary%20Internet%20Files\/Content.IE5\/G56D20SW\/SCHEDA%20illustrato.doc#_ftnref4\">[4]<\/a> Denominato Concessione mineraria &#8220;Monte Noroni&#8221; &#8211; Cantiere Marezzane<\/p>\n<\/div>\n\n\n\n<div>\n<p><a title=\"\" href=\"file:\/\/\/H:\/Documents%20and%20Settings\/Administrator\/Impostazioni%20locali\/Temporary%20Internet%20Files\/Content.IE5\/G56D20SW\/SCHEDA%20illustrato.doc#_ftnref5\">[5]<\/a>73 osservazioni, una documentazione paesaggistica fotografica e 6 relazioni tecniche tra cui una relazione idrogeologica di Cristiano Mastella di Verona, Forestale e ambientale del dott. For. Graziano Martello e dott. For. Mika Fasanello di Tombelle di Vigonovo (VE) , Forestale \u2013 ecosistemi \u2013 dott. Serena Tarocco di Verona, una Ricerca specifica sull\u2019area di Marezzane della LIPU di Verona, una Ricerca specifica su Marezzane del Gruppo Italiano Ricerca Orchidee Spontaneo (Giros), paesaggistica del dott. Alberto Ballestriero di Italia Nostra )<\/p>\n<p>&nbsp;<\/p>\n<\/div>\n\n\n\n<div>\n<p><a title=\"\" href=\"file:\/\/\/H:\/Documents%20and%20Settings\/Administrator\/Impostazioni%20locali\/Temporary%20Internet%20Files\/Content.IE5\/G56D20SW\/SCHEDA%20illustrato.doc#_ftnref6\">[6]<\/a><a href=\"https:\/\/rdv.app.box.com\/s\/wq7br8l47b9as20759xs\">https:\/\/rdv.app.box.com\/s\/wq7br8l47b9as20759xs<\/a><\/p>\n<\/div>\n\n\n\n<div>\n<p><a title=\"\" href=\"file:\/\/\/H:\/Documents%20and%20Settings\/Administrator\/Impostazioni%20locali\/Temporary%20Internet%20Files\/Content.IE5\/G56D20SW\/SCHEDA%20illustrato.doc#_ftnref7\">[7]<\/a>&nbsp; Agosto 2007 il progetto iniziale (con 87 documenti allegati).<\/p>\n<ul>\n<li>Gennaio 2009 vengono presentati da Cementi Rossi 23 nuovi documenti<\/li>\n<li>febbraio 2009 \u00e0 16 nuovi documenti<\/li>\n<li>giugno 2009 \u00e028 nuovi documenti<\/li>\n<li>agosto 2009 \u00e08 nuovi documenti<\/li>\n<li>gennaio 2010 \u00e0 2 nuovi documenti<\/li>\n<li>febbraio 2010 \u00e01 nuovo documento.<\/li>\n<\/ul>\n<\/div>\n\n\n\n<div>\n<p><a title=\"\" href=\"file:\/\/\/H:\/Documents%20and%20Settings\/Administrator\/Impostazioni%20locali\/Temporary%20Internet%20Files\/Content.IE5\/G56D20SW\/SCHEDA%20illustrato.doc#_ftnref8\">[8]<\/a>&nbsp; Ad esempio: la documentazione fotografica contenuta nella integrazione relazione paesaggistica presentata dall\u2019azienda&nbsp; nell\u2019aprile 2013 mostra un sentiero sterrato attualmente esistente e non riporta nella simulazione le reali dimensioni. dell\u2019intervento proposto Oppure nella medesima documentazione vengono alterati i coni ottici da Girotto e l\u2019unica foto panoramica ripresa da Manune (localit\u00e0 che sorge di fronte a Marezzane sull\u2019altro versante della Valle dei Progni) viene cos\u00ec commentata<i>: l\u2019impatto paesaggistico \u00e8 annullato, oltre che dalla posizione defilata del frantoio, dalla notevole distanza. <\/i>Peccato che Manune non sia cos\u00ec defilato e l\u2019effetto distanza sia ottenuto soltanto dall\u2019ottica fotografica utilizzata. Non solo. Per i 60.000 visitatori che ogni anno si recano alle cascate di Molina che transitano quindi dalla strada di Manune hanno come unico e chiaro cono visivo&nbsp; la collina di Marezzane. Come pure, come ribadito e facilmente documentato uscendo dalla Grotta di Fumane l\u2019unica visuale \u00e8 quella di Marezzane &#8211; Mazzarino. Per non parlare da ci\u00f2 che si pu\u00f2 vedere dal Sic Monte Pastello.<\/p>\n<\/div>\n","protected":false},"excerpt":{"rendered":"<p>DOSSIER MAREZZANE Marezzane in una mappa acquerellata &nbsp;di Ludovico Perini del 1729 Febbraio 2014 Marezzane Una collina &#8211; &nbsp;un promontorio posto a circa 600 metri sul fianco sinistro della Valle dei Progni nel Comune di Marano di Valpolicella (VR). &nbsp;Sull\u2019intera collina incombe tuttora una minacciata: essere cancellata&nbsp;dagli scavi della Industria Cementi Giovanni Rossi di Fumane. &hellip; <\/p>\n<p><a class=\"more-link btn\" href=\"https:\/\/www.maranovalpolicella.it\/valpolicella2000\/?page_id=553\">Continua a leggere<\/a><\/p>\n","protected":false},"author":1,"featured_media":0,"parent":2,"menu_order":0,"comment_status":"open","ping_status":"open","template":"","meta":{"footnotes":""},"class_list":["post-553","page","type-page","status-publish","hentry","nodate","item-wrap"],"_links":{"self":[{"href":"https:\/\/www.maranovalpolicella.it\/valpolicella2000\/index.php?rest_route=\/wp\/v2\/pages\/553","targetHints":{"allow":["GET"]}}],"collection":[{"href":"https:\/\/www.maranovalpolicella.it\/valpolicella2000\/index.php?rest_route=\/wp\/v2\/pages"}],"about":[{"href":"https:\/\/www.maranovalpolicella.it\/valpolicella2000\/index.php?rest_route=\/wp\/v2\/types\/page"}],"author":[{"embeddable":true,"href":"https:\/\/www.maranovalpolicella.it\/valpolicella2000\/index.php?rest_route=\/wp\/v2\/users\/1"}],"replies":[{"embeddable":true,"href":"https:\/\/www.maranovalpolicella.it\/valpolicella2000\/index.php?rest_route=%2Fwp%2Fv2%2Fcomments&post=553"}],"version-history":[{"count":22,"href":"https:\/\/www.maranovalpolicella.it\/valpolicella2000\/index.php?rest_route=\/wp\/v2\/pages\/553\/revisions"}],"predecessor-version":[{"id":994,"href":"https:\/\/www.maranovalpolicella.it\/valpolicella2000\/index.php?rest_route=\/wp\/v2\/pages\/553\/revisions\/994"}],"up":[{"embeddable":true,"href":"https:\/\/www.maranovalpolicella.it\/valpolicella2000\/index.php?rest_route=\/wp\/v2\/pages\/2"}],"wp:attachment":[{"href":"https:\/\/www.maranovalpolicella.it\/valpolicella2000\/index.php?rest_route=%2Fwp%2Fv2%2Fmedia&parent=553"}],"curies":[{"name":"wp","href":"https:\/\/api.w.org\/{rel}","templated":true}]}}